{"id":42,"date":"2020-06-10T16:30:02","date_gmt":"2020-06-10T16:30:02","guid":{"rendered":"http:\/\/reisecenter-kaestnerpassage.de\/?page_id=42"},"modified":"2023-02-27T12:31:19","modified_gmt":"2023-02-27T12:31:19","slug":"kontakt","status":"publish","type":"page","link":"https:\/\/reisecenter-kaestnerpassage.de\/?page_id=42","title":{"rendered":"Kontakt"},"content":{"rendered":"<p>[et_pb_section fb_built=&#8220;1&#8243; _builder_version=&#8220;4.17.3&#8243; _module_preset=&#8220;default&#8220; global_colors_info=&#8220;{}&#8220; theme_builder_area=&#8220;post_content&#8220; admin_label=&#8220;Kontakt 01&#8243;][et_pb_row _builder_version=&#8220;4.17.3&#8243; _module_preset=&#8220;default&#8220; custom_margin=&#8220;30px||||false|false&#8220; global_colors_info=&#8220;{}&#8220; theme_builder_area=&#8220;post_content&#8220;][et_pb_column type=&#8220;4_4&#8243; _builder_version=&#8220;4.17.3&#8243; _module_preset=&#8220;default&#8220; global_colors_info=&#8220;{}&#8220; theme_builder_area=&#8220;post_content&#8220;][et_pb_image src=&#8220;https:\/\/reisecenter-kaestnerpassage.de\/wp-content\/uploads\/2023\/02\/WhatsApp-Image-2020-06-11-at-14.12.22-1024&#215;768-1.jpeg&#8220; title_text=&#8220;WhatsApp-Image-2020-06-11-at-14.12.22-1024&#215;768&#8243; align=&#8220;center&#8220; _builder_version=&#8220;4.17.3&#8243; _module_preset=&#8220;default&#8220; box_shadow_style=&#8220;preset2&#8243; box_shadow_color=&#8220;rgba(0,0,0,0.9)&#8220; global_colors_info=&#8220;{}&#8220; theme_builder_area=&#8220;post_content&#8220;][\/et_pb_image][et_pb_text _builder_version=&#8220;4.17.3&#8243; _module_preset=&#8220;default&#8220; custom_margin=&#8220;60px||||false|false&#8220; global_colors_info=&#8220;{}&#8220; theme_builder_area=&#8220;post_content&#8220;]<\/p>\n<div data-colibri-id=\"42-c6\" class=\"h-row-container gutters-row-lg-2 gutters-row-md-2 gutters-row-0 gutters-row-v-lg-2 gutters-row-v-md-2 gutters-row-v-2 style-391 style-local-42-c6 position-relative\">\n<div class=\"h-row justify-content-lg-center justify-content-md-center justify-content-center align-items-lg-stretch align-items-md-stretch align-items-stretch gutters-col-lg-2 gutters-col-md-2 gutters-col-0 gutters-col-v-lg-2 gutters-col-v-md-2 gutters-col-v-2\">\n<div class=\"h-column h-column-container d-flex h-col-lg-auto h-col-md-auto h-col-auto style-392-outer style-local-42-c7-outer\">\n<div data-colibri-id=\"42-c7\" class=\"d-flex h-flex-basis h-column__inner h-px-lg-2 h-px-md-2 h-px-2 v-inner-lg-2 v-inner-md-2 v-inner-2 style-392 style-local-42-c7 position-relative\">\n<div class=\"w-100 h-y-container h-column__content h-column__v-align flex-basis-100 align-self-lg-start align-self-md-start align-self-start\">\n<div data-colibri-id=\"42-c8\" class=\"h-text h-text-component style-393 style-local-42-c8 position-relative h-element\">\n<div class=\"\">\n<p><strong>REISECENTER IN DER K\u00c4STNERPASSAGE<\/strong><\/p>\n<p><strong>Inhaberin Karen Kleinst\u00fcck<\/strong><\/p>\n<p>Bautzner Str. 23\/25<\/p>\n<p>01099 Dresden<\/p>\n<p>Tel.: 0351\/8023946<\/p>\n<p>Fax: 0351\/8023948<\/p>\n<p>eMail: Reisecenter-Kaestnerpassage@t-online.de<\/p>\n<p>&nbsp;<\/p>\n<p>&nbsp;<\/p>\n<\/div>\n<\/div>\n<div data-colibri-id=\"42-c9\" class=\"h-global-transition-all h-heading style-394 style-local-42-c9 position-relative h-element\">\n<div class=\"h-heading__outer style-394 style-local-42-c9\">\n<h2 class=\"\">\u00d6ffnungszeiten<\/h2>\n<\/div>\n<\/div>\n<\/div>\n<\/div>\n<\/div>\n<\/div>\n<\/div>\n<div data-colibri-id=\"42-c10\" class=\"h-row-container gutters-row-lg-2 gutters-row-md-2 gutters-row-0 gutters-row-v-lg-2 gutters-row-v-md-2 gutters-row-v-2 style-395 style-local-42-c10 position-relative\">\n<div class=\"h-row justify-content-lg-center justify-content-md-center justify-content-center align-items-lg-stretch align-items-md-stretch align-items-stretch gutters-col-lg-2 gutters-col-md-2 gutters-col-0 gutters-col-v-lg-2 gutters-col-v-md-2 gutters-col-v-2\">\n<div class=\"h-column h-column-container d-flex h-col-lg-auto h-col-md-auto h-col-auto style-396-outer style-local-42-c11-outer\">\n<div data-colibri-id=\"42-c11\" class=\"d-flex h-flex-basis h-column__inner h-px-lg-2 h-px-md-2 h-px-2 v-inner-lg-2 v-inner-md-2 v-inner-2 style-396 style-local-42-c11 position-relative\">\n<div class=\"w-100 h-y-container h-column__content h-column__v-align flex-basis-100 align-self-lg-start align-self-md-start align-self-start\">\n<div data-colibri-id=\"42-c12\" class=\"h-text h-text-component style-397 style-local-42-c12 position-relative h-element\">\n<div class=\"\">\n<p>Sowohl in guten, als auch in schwierigen Zeiten leben wir unser Motto und halten uns an einer der sch\u00f6nsten F\u00e4higkeiten des Menschen fest:<\/p>\n<p><strong>\u201eDa sein, wenn man gebraucht wird.\u201c<\/strong><\/p>\n<p>Sie haben Fragen oder brauchen Unterst\u00fctzung bei einer Reise? Kein Problem auf uns k\u00f6nnen Sie z\u00e4hlen! Sie erreichen uns:<\/p>\n<p><strong>Mo: 10.00 Uhr \u2013 16.00 Uhr<\/strong><\/p>\n<p><strong>Di: 12.00 Uhr \u2013 18.00 Uhr<\/strong><\/p>\n<p><strong>Mi: 10.00 Uhr \u2013 16.00 Uhr<\/strong><\/p>\n<p><strong>Do: 12.00 Uhr \u2013 18.00 Uhr<\/strong><\/p>\n<p><strong>Fr: 10.00 Uhr \u2013 16.00 Uhr<\/strong><\/p>\n<p><strong><\/strong><\/p>\n<p><strong><\/strong><\/p>\n<p><strong><\/strong><\/p>\n<p><strong><\/strong><\/p>\n<p><strong><div id=\"wpgmza_map\" class=\"wpgmza_map\" data-settings='{\"id\":\"1\",\"map_title\":\"Reisecenter\",\"map_width\":\"100\",\"map_height\":\"400\",\"map_start_lat\":\"51.063218\",\"map_start_lng\":\"13.752614\",\"map_start_location\":\"51.063218000000006,13.752614\",\"map_start_zoom\":\"14\",\"default_marker\":\"0\",\"type\":\"2\",\"alignment\":\"4\",\"directions_enabled\":\"1\",\"styling_enabled\":\"0\",\"styling_json\":\"\",\"active\":\"0\",\"kml\":\"\",\"bicycle\":\"0\",\"traffic\":\"0\",\"dbox\":\"1\",\"dbox_width\":\"100\",\"listmarkers\":\"0\",\"listmarkers_advanced\":\"0\",\"filterbycat\":\"0\",\"ugm_enabled\":\"0\",\"ugm_category_enabled\":\"0\",\"fusion\":\"\",\"map_width_type\":\"\\\\%\",\"map_height_type\":\"px\",\"mass_marker_support\":\"1\",\"ugm_access\":\"0\",\"order_markers_by\":\"1\",\"order_markers_choice\":\"2\",\"show_user_location\":\"0\",\"default_to\":\"\",\"other_settings\":{\"store_locator_enabled\":2,\"store_locator_distance\":2,\"store_locator_default_radius\":10,\"store_locator_not_found_message\":\"No results found in this location. Please try again.\",\"store_locator_bounce\":1,\"store_locator_query_string\":\"ZIP \\\/ Address:\",\"store_locator_default_address\":\"\",\"wpgmza_store_locator_restrict\":\"\",\"wpgmza_store_locator_radius_style\":\"modern\",\"map_max_zoom\":\"3\",\"transport_layer\":0,\"wpgmza_show_points_of_interest\":0,\"wpgmza_auto_night\":0}}' data-map-id='1' Data-maps-engine='open-layers' data-shortcode-attributes='{\"id\":\"1\"}' style=\"display:block; overflow:auto; width:100%; height:400px; float:left;\"><\/div><\/strong><\/p>\n<\/div>\n<\/div>\n<\/div>\n<\/div>\n<\/div>\n<\/div>\n<\/div>\n<p>[\/et_pb_text][\/et_pb_column][\/et_pb_row][\/et_pb_section]<\/p>\n","protected":false},"excerpt":{"rendered":"<p>REISECENTER IN DER K\u00c4STNERPASSAGE Inhaberin Karen Kleinst\u00fcck Bautzner Str. 23\/25 01099 Dresden Tel.: 0351\/8023946 Fax: 0351\/8023948 eMail: Reisecenter-Kaestnerpassage@t-online.de &nbsp; &nbsp; \u00d6ffnungszeiten Sowohl in guten, als auch in schwierigen Zeiten leben wir unser Motto und halten uns an einer der sch\u00f6nsten F\u00e4higkeiten des Menschen fest: \u201eDa sein, wenn man gebraucht wird.\u201c Sie haben Fragen oder brauchen [&hellip;]<\/p>\n","protected":false},"author":1,"featured_media":222,"parent":0,"menu_order":0,"comment_status":"closed","ping_status":"closed","template":"","meta":{"_et_pb_use_builder":"on","_et_pb_old_content":"<div data-colibri-id=\"42-c1\" class=\"style-379 style-local-42-c1 position-relative\">\n  <!---->\n  <div data-colibri-component=\"section\" data-colibri-id=\"42-c2\" id=\"custom\" class=\"h-section h-section-global-spacing d-flex align-items-lg-center align-items-md-center align-items-center style-387 style-local-42-c2 position-relative\">\n    <!---->\n    <!---->\n    <div class=\"h-section-grid-container h-section-boxed-container\">\n      <!---->\n      <div data-colibri-id=\"42-c3\" class=\"h-row-container gutters-row-lg-2 gutters-row-md-2 gutters-row-0 gutters-row-v-lg-2 gutters-row-v-md-2 gutters-row-v-2 style-388 style-local-42-c3 position-relative\">\n        <!---->\n        <div class=\"h-row justify-content-lg-center justify-content-md-center justify-content-center align-items-lg-stretch align-items-md-stretch align-items-stretch gutters-col-lg-2 gutters-col-md-2 gutters-col-0 gutters-col-v-lg-2 gutters-col-v-md-2 gutters-col-v-2\">\n          <!---->\n          <div class=\"h-column h-column-container d-flex h-col-lg-auto h-col-md-auto h-col-auto style-389-outer style-local-42-c4-outer\">\n            <div data-colibri-id=\"42-c4\" class=\"d-flex h-flex-basis h-column__inner h-px-lg-2 h-px-md-2 h-px-2 v-inner-lg-2 v-inner-md-2 v-inner-2 style-389 style-local-42-c4 position-relative\">\n              <!---->\n              <!---->\n              <div class=\"w-100 h-y-container h-column__content h-column__v-align flex-basis-100 align-self-lg-start align-self-md-start align-self-start\">\n                <!---->\n                <div data-colibri-id=\"42-c5\" class=\"d-block style-390 style-local-42-c5 position-relative h-element\">\n                  <!---->\n                  <div class=\"h-image__frame-container-outer\">\n                    <div class=\"h-image__frame-container\">\n                      <!---->\n                      <!---->\n                      <img src=\"http:\/\/reisecenter-kaestnerpassage.de\/wp-content\/uploads\/2020\/06\/cropped-DSC04204-2-1.jpg\" class=\"wp-image-576 style-390-image style-local-42-c5-image\">\n                      <div class=\"h-image__frame h-hide-lg h-hide-md h-hide-sm style-390-frameImage style-local-42-c5-frameImage\"><\/div>\n                    <\/div>\n                  <\/div>\n                <\/div>\n              <\/div>\n            <\/div>\n          <\/div>\n        <\/div>\n      <\/div>\n      <div data-colibri-id=\"42-c6\" class=\"h-row-container gutters-row-lg-2 gutters-row-md-2 gutters-row-0 gutters-row-v-lg-2 gutters-row-v-md-2 gutters-row-v-2 style-391 style-local-42-c6 position-relative\">\n        <!---->\n        <div class=\"h-row justify-content-lg-center justify-content-md-center justify-content-center align-items-lg-stretch align-items-md-stretch align-items-stretch gutters-col-lg-2 gutters-col-md-2 gutters-col-0 gutters-col-v-lg-2 gutters-col-v-md-2 gutters-col-v-2\">\n          <!---->\n          <div class=\"h-column h-column-container d-flex h-col-lg-auto h-col-md-auto h-col-auto style-392-outer style-local-42-c7-outer\">\n            <div data-colibri-id=\"42-c7\" class=\"d-flex h-flex-basis h-column__inner h-px-lg-2 h-px-md-2 h-px-2 v-inner-lg-2 v-inner-md-2 v-inner-2 style-392 style-local-42-c7 position-relative\">\n              <!---->\n              <!---->\n              <div class=\"w-100 h-y-container h-column__content h-column__v-align flex-basis-100 align-self-lg-start align-self-md-start align-self-start\">\n                <!---->\n                <div data-colibri-id=\"42-c8\" class=\"h-text h-text-component style-393 style-local-42-c8 position-relative h-element\">\n                  <!---->\n                  <!---->\n                  <div class=\"\">\n                    <p><strong>REISECENTER IN DER K\u00c4STNERPASSAGE<\/strong><\/p>\n                    <p><strong>Inhaberin Karen Kleinst\u00fcck<\/strong><\/p>\n                    <p>Bautzner Str. 23\/25<\/p>\n                    <p>01099 Dresden<\/p>\n                    <p>Tel.: 0351\/8023946<\/p>\n                    <p>Fax: 0351\/8023948<\/p>\n                    <p>eMail: Reisecenter-Kaestnerpassage@t-online.de<\/p>\n                    <p>\n                      <br>\n                    <\/p>\n                    <p>\n                      <br>\n                    <\/p>\n                  <\/div>\n                <\/div>\n                <div data-colibri-id=\"42-c9\" class=\"h-global-transition-all h-heading style-394 style-local-42-c9 position-relative h-element\">\n                  <!---->\n                  <div class=\"h-heading__outer style-394 style-local-42-c9\">\n                    <!---->\n                    <!---->\n                    <h2 class=\"\">\u00d6ffnungszeiten\n                      <br>\n                    <\/h2>\n                  <\/div>\n                <\/div>\n              <\/div>\n            <\/div>\n          <\/div>\n        <\/div>\n      <\/div>\n      <div data-colibri-id=\"42-c10\" class=\"h-row-container gutters-row-lg-2 gutters-row-md-2 gutters-row-0 gutters-row-v-lg-2 gutters-row-v-md-2 gutters-row-v-2 style-395 style-local-42-c10 position-relative\">\n        <!---->\n        <div class=\"h-row justify-content-lg-center justify-content-md-center justify-content-center align-items-lg-stretch align-items-md-stretch align-items-stretch gutters-col-lg-2 gutters-col-md-2 gutters-col-0 gutters-col-v-lg-2 gutters-col-v-md-2 gutters-col-v-2\">\n          <!---->\n          <div class=\"h-column h-column-container d-flex h-col-lg-auto h-col-md-auto h-col-auto style-396-outer style-local-42-c11-outer\">\n            <div data-colibri-id=\"42-c11\" class=\"d-flex h-flex-basis h-column__inner h-px-lg-2 h-px-md-2 h-px-2 v-inner-lg-2 v-inner-md-2 v-inner-2 style-396 style-local-42-c11 position-relative\">\n              <!---->\n              <!---->\n              <div class=\"w-100 h-y-container h-column__content h-column__v-align flex-basis-100 align-self-lg-start align-self-md-start align-self-start\">\n                <!---->\n                <div data-colibri-id=\"42-c12\" class=\"h-text h-text-component style-397 style-local-42-c12 position-relative h-element\">\n                  <!---->\n                  <!---->\n                  <div class=\"\">\n                    <p>Sowohl in guten, als auch in schwierigen Zeiten leben wir unser Motto und halten uns an einer der sch\u00f6nsten F\u00e4higkeiten des Menschen fest:<\/p>\n                    <p><strong>\u201eDa sein, wenn man gebraucht wird.\u201c<\/strong><\/p>\n                    <p>Sie haben Fragen oder brauchen Unterst\u00fctzung bei einer Reise? Kein Problem auf uns k\u00f6nnen Sie z\u00e4hlen! Sie erreichen uns:<\/p>\n                    <p><strong>Mo: 10.00 Uhr - 16.00 Uhr<\/strong><\/p>\n                    <p><strong>Di: 12.00 Uhr - 18.00 Uhr<\/strong><\/p>\n                    <p><strong>Mi: 10.00 Uhr - 16.00 Uhr<\/strong><\/p>\n                    <p><strong>Do: 12.00 Uhr - 18.00 Uhr<\/strong><\/p>\n                    <p><strong>Fr: 10.00 Uhr - 16.00 Uhr<\/strong><\/p>\n                    <p>\n                      <br>\n                    <\/p>\n                  <\/div>\n                <\/div>\n              <\/div>\n            <\/div>\n          <\/div>\n        <\/div>\n      <\/div>\n      <div data-colibri-id=\"42-c13\" class=\"h-row-container gutters-row-lg-2 gutters-row-md-2 gutters-row-0 gutters-row-v-lg-2 gutters-row-v-md-2 gutters-row-v-2 style-398 style-local-42-c13 position-relative\">\n        <!---->\n        <div class=\"h-row justify-content-lg-center justify-content-md-center justify-content-center align-items-lg-stretch align-items-md-stretch align-items-stretch gutters-col-lg-2 gutters-col-md-2 gutters-col-0 gutters-col-v-lg-2 gutters-col-v-md-2 gutters-col-v-2\">\n          <!---->\n          <div class=\"h-column h-column-container d-flex h-col-lg-auto h-col-md-auto h-col-auto style-399-outer style-local-42-c14-outer\">\n            <div data-colibri-id=\"42-c14\" class=\"d-flex h-flex-basis h-column__inner h-px-lg-2 h-px-md-2 h-px-2 v-inner-lg-2 v-inner-md-2 v-inner-2 style-399 style-local-42-c14 position-relative\">\n              <!---->\n              <!---->\n              <div class=\"w-100 h-y-container h-column__content h-column__v-align flex-basis-100 align-self-lg-start align-self-md-start align-self-start\">\n                <!---->\n                <div data-colibri-id=\"42-c15\" class=\"h-text h-text-component style-400 style-local-42-c15 position-relative h-element\">\n                  <!---->\n                  <!---->\n                  <div class=\"\">\n                    <p>[wpgmza id=\"1\"]<\/p>\n                  <\/div>\n                <\/div>\n              <\/div>\n            <\/div>\n          <\/div>\n        <\/div>\n      <\/div>\n      <div data-colibri-id=\"42-c16\" class=\"h-row-container gutters-row-lg-2 gutters-row-md-2 gutters-row-0 gutters-row-v-lg-2 gutters-row-v-md-2 gutters-row-v-2 style-401 style-local-42-c16 position-relative\">\n        <!---->\n        <div class=\"h-row justify-content-lg-center justify-content-md-center justify-content-center align-items-lg-stretch align-items-md-stretch align-items-stretch gutters-col-lg-2 gutters-col-md-2 gutters-col-0 gutters-col-v-lg-2 gutters-col-v-md-2 gutters-col-v-2\">\n          <!---->\n          <div class=\"h-column h-column-container d-flex h-col-lg-auto h-col-md-auto h-col-auto style-402-outer style-local-42-c17-outer\">\n            <div data-colibri-id=\"42-c17\" class=\"d-flex h-flex-basis h-column__inner h-px-lg-2 h-px-md-2 h-px-2 v-inner-lg-2 v-inner-md-2 v-inner-2 style-402 style-local-42-c17 position-relative\">\n              <!---->\n              <!---->\n              <div class=\"w-100 h-y-container h-column__content h-column__v-align flex-basis-100 align-self-lg-start align-self-md-start align-self-start\">\n                <!---->\n                <div data-colibri-id=\"42-c18\" class=\"h-text h-text-component style-403 style-local-42-c18 position-relative h-element\">\n                  <!---->\n                  <!---->\n                  <div class=\"\">\n                    <p><strong>Gerne unterbreiten wir Ihnen ein individuelles Angebot. Schicken Sie uns Ihre Anfrage.<\/strong><\/p>\n                  <\/div>\n                <\/div>\n                <div data-colibri-id=\"42-c19\" class=\"h-text h-text-component style-404 style-local-42-c19 position-relative h-element\">\n                  <!---->\n                  <!---->\n                  <div class=\"\">\n                    <p>[contact-form-7 id=\"397\" title=\"Kontaktformular A38\"]<\/p>\n                  <\/div>\n                <\/div>\n              <\/div>\n            <\/div>\n          <\/div>\n        <\/div>\n      <\/div>\n    <\/div>\n  <\/div>\n<\/div>","_et_gb_content_width":"","footnotes":""},"class_list":["post-42","page","type-page","status-publish","has-post-thumbnail","hentry"],"_links":{"self":[{"href":"https:\/\/reisecenter-kaestnerpassage.de\/index.php?rest_route=\/wp\/v2\/pages\/42","targetHints":{"allow":["GET"]}}],"collection":[{"href":"https:\/\/reisecenter-kaestnerpassage.de\/index.php?rest_route=\/wp\/v2\/pages"}],"about":[{"href":"https:\/\/reisecenter-kaestnerpassage.de\/index.php?rest_route=\/wp\/v2\/types\/page"}],"author":[{"embeddable":true,"href":"https:\/\/reisecenter-kaestnerpassage.de\/index.php?rest_route=\/wp\/v2\/users\/1"}],"replies":[{"embeddable":true,"href":"https:\/\/reisecenter-kaestnerpassage.de\/index.php?rest_route=%2Fwp%2Fv2%2Fcomments&post=42"}],"version-history":[{"count":21,"href":"https:\/\/reisecenter-kaestnerpassage.de\/index.php?rest_route=\/wp\/v2\/pages\/42\/revisions"}],"predecessor-version":[{"id":1045,"href":"https:\/\/reisecenter-kaestnerpassage.de\/index.php?rest_route=\/wp\/v2\/pages\/42\/revisions\/1045"}],"wp:featuredmedia":[{"embeddable":true,"href":"https:\/\/reisecenter-kaestnerpassage.de\/index.php?rest_route=\/wp\/v2\/media\/222"}],"wp:attachment":[{"href":"https:\/\/reisecenter-kaestnerpassage.de\/index.php?rest_route=%2Fwp%2Fv2%2Fmedia&parent=42"}],"curies":[{"name":"wp","href":"https:\/\/api.w.org\/{rel}","templated":true}]}}