{"id":158,"date":"2020-06-11T09:45:03","date_gmt":"2020-06-11T09:45:03","guid":{"rendered":"http:\/\/reisecenter-kaestnerpassage.de\/?page_id=158"},"modified":"2023-02-27T12:40:39","modified_gmt":"2023-02-27T12:40:39","slug":"ds-gvo","status":"publish","type":"page","link":"https:\/\/reisecenter-kaestnerpassage.de\/?page_id=158","title":{"rendered":"Datenschutzerkl\u00e4rung"},"content":{"rendered":"\n[et_pb_section fb_built=&#8220;1&#8243; _builder_version=&#8220;4.17.3&#8243; _module_preset=&#8220;default&#8220; custom_margin=&#8220;100px||||false|false&#8220; global_colors_info=&#8220;{}&#8220; theme_builder_area=&#8220;post_content&#8220; admin_label=&#8220;Datenschutz 01&#8243;][et_pb_row _builder_version=&#8220;4.17.3&#8243; _module_preset=&#8220;default&#8220; global_colors_info=&#8220;{}&#8220; theme_builder_area=&#8220;post_content&#8220;][et_pb_column type=&#8220;4_4&#8243; _builder_version=&#8220;4.17.3&#8243; _module_preset=&#8220;default&#8220; global_colors_info=&#8220;{}&#8220; theme_builder_area=&#8220;post_content&#8220;][et_pb_text _builder_version=&#8220;4.17.3&#8243; _module_preset=&#8220;default&#8220; global_colors_info=&#8220;{}&#8220; theme_builder_area=&#8220;post_content&#8220;]<p><strong>Verzeichnis von Verarbeitungst\u00e4tigkeiten nach Art. 30 DS-GVO<\/strong><\/p>\n<ol>\n<li><strong>Verantwortlicher<\/strong><\/li>\n<\/ol>\n<p>Reiseb\u00fcroinhaber: Karen Kleinst\u00fcck<\/p>\n<p>Adresse: Bautzner Stra\u00dfe 23-25 in 01099 Dresden<\/p>\n<p>Tel: 0351\/8023946<\/p>\n<p>Email: Reisecenter-Kaestnerpassage@t-online.de<\/p>\n<ol start=\"2\">\n<li><strong>Gesetzlicher Vertreter<br \/><\/strong>Bei nat\u00fcrlichen Personen (siehe Punkt 1.), bei juristischen Personen (GmbH, GmbH &amp; Co. KG, AG) die Gesch\u00e4ftsleitung mit Anschrift, Tel und Email<\/li>\n<\/ol>\n<ol start=\"3\">\n<li><strong>Vertreter in der EU (Art. 27 DS-GVO)<\/strong><\/li>\n<\/ol>\n<p>Hier nicht zutreffend bzw. relevant<\/p>\n<ol start=\"4\">\n<li><strong>Datenschutzbeauftragter<br \/><\/strong>Falls ein Datenschutzbeauftragter bestellt wurde, dessen Namen, Anschrift, Tel und Email. Ansonsten \u201ehier nicht zutreffend bzw. relevant\u201c.<\/li>\n<\/ol>\n<ol start=\"5\">\n<li><strong>Zust\u00e4ndige Aufsichtsbeh\u00f6rde<\/strong><\/li>\n<\/ol>\n<p><em><u>Sachsen<\/u><\/em><\/p>\n<p><em>Der S\u00e4chsische Datenschutzbeauftragte<\/em><\/p>\n<p><em>Bernhard-von-Lindenau-Platz 1<\/em><\/p>\n<p><em>01067 Dresden<\/em><\/p>\n<p><em>Tel: 0351-4935401<\/em><\/p>\n<p><em>Email:<span>\u00a0<\/span><a href=\"mailto:saechsdsb@slt.sachsen.de\">saechsdsb@slt.sachsen.de<\/a><\/em><\/p>\n<p>Die Meldung des Datenschutzbeauftragten des Reiseb\u00fcros an die Beh\u00f6rde ist noch nicht erfolgt.<\/p>\n<ol start=\"6\">\n<li><strong>Regelungen zur Datensicherheit<br \/><\/strong>Die Regelungen zur Datensicherheit sind aus der Anlage \u201eI\u201c zu dieser \u00dcbersicht nach \u00a7 9 BDSG (alt) bzw. Art. 32 Abs. 1 DS-GVO dargestellt. Sie werden im regelm\u00e4\u00dfigen Pr\u00fcfabstand durch die Gesch\u00e4ftsleitung in Absprache mit dem beauftragten Systemadministrator und dem Datenschutzbeauftragten (falls zutreffend) auf den jeweiligen Stand der Technik gebracht.<\/li>\n<\/ol>\n<ol start=\"7\">\n<li><strong>Regelungen zur Datenl\u00f6schung<br \/><\/strong>Grunds\u00e4tzlich gelten f\u00fcr alle Bereiche der Datenverarbeitung im Reiseb\u00fcro die gesetzlichen Regelungen zur automatisierten L\u00f6schung von Daten. Diese werden durch Voreinstellungen in den einzelnen Datenverarbeitungsprogrammen und eine systematische Katalogisierung der in kartei- bzw. Papierform gespeicherter Daten gew\u00e4hrleistet.<\/li>\n<\/ol>\n<ol start=\"8\">\n<li><strong>Sachverhalte zu Drittstaaten\u00fcbermittlungen<\/strong><\/li>\n<\/ol>\n<p>Personenbezogene Daten werden zur Vertragsabwicklung von Reisedienstleistungen auch an Empf\u00e4nger mit Sitz in Drittstaaten \u00fcbermittelt. Hierbei gilt aus unserer Sicht das Prinzip der Datensparsamkeit. Nur die notwendigsten Daten werden \u00fcbermittelt.<\/p>\n<p><strong>Anlage Nr. 1<\/strong><\/p>\n<p><strong>Bezeichnung der Verarbeitungst\u00e4tigkeit<br \/><\/strong>Personalverwaltung (intern)<\/p>\n<p><strong>Verantwortliche F\u00fchrungskraft<br \/><\/strong>Den\/die Personalverantwortliche(n) des Reiseb\u00fcros mit Anschrift, Tel und Email benennen.<\/p>\n<p><strong>Zwecke der Verarbeitung<br \/><\/strong>Lohn- und Gehaltsabrechnung, Personaldisposition, Personalf\u00fchrung und -rekrutierung<\/p>\n<p><strong>Rechtsgrundlagen der Verarbeitung<br \/><\/strong>Vertragliche Verpflichtungen aus dem Arbeitsverh\u00e4ltnis<br \/>Gesetzliche Verpflichtung aus den Vorschriften des BGB, SGB, EStG und HGB<\/p>\n<p><strong>Beschreibung der Kategorie betroffener Personen und der Kategorie personenbezogener Daten<\/strong><\/p>\n<ol type=\"a\">\n<li>Betroffene Personengruppen<br \/>\n<ol type=\"a\">\n<li>Mitarbeiter<\/li>\n<li>Bewerber<\/li>\n<\/ol>\n<\/li>\n<\/ol>\n<ol type=\"a\" start=\"2\">\n<li>Kategorien personenbezogener Daten<\/li>\n<\/ol>\n<p>Mitarbeiter-Stammdaten:<br \/>Adresse, Geburtstag, Bankverbindung, Steuermerkmale, Lohngruppe, Arbeitszeit, bisherige T\u00e4tigkeitsbereiche, Qualifikationen, Urlaubs- und \u00dcberstundenaufzeichnungen, Mitarbeiterbeurteilungen<\/p>\n<p>Bewerbungen mit Kontaktdaten, Qualifikationen, bisherige T\u00e4tigkeiten, Arbeitszeugnisse, Gehaltsvorstellungen, Lebensl\u00e4ufen<\/p>\n<p><strong>Kategorien von Empf\u00e4ngern, denen die Daten offengelegt worden sind bzw. noch offenzulegen sind (Art. 30 Abs. 1 lit. D DS-GVO)<\/strong><\/p>\n<ul>\n<li>Banken<\/li>\n<li>Sozialversicherungstr\u00e4ger<\/li>\n<li>Finanzbeh\u00f6rden<\/li>\n<li>Gl\u00e4ubiger bei Lohn- und Gehaltspf\u00e4ndung<\/li>\n<li>Tr\u00e4ger einer Betriebsrente<\/li>\n<li>Zust\u00e4ndige Steuerberaterkammer und IHK<\/li>\n<li>Auftragsverarbeiter f\u00fcr die Gehaltsabrechnung (regelm\u00e4\u00dfig Steuerberater oder anderer Dienstleister, falls intern, nicht relevant)<\/li>\n<\/ul>\n<p><strong>Daten\u00fcbermittlung in Drittl\u00e4nder oder internationale Organisationen (Art. 30 Abs.1 lit. E DS-GVO)<\/strong><\/p>\n<p>Hier nicht zutreffend bzw. relevant<\/p>\n<p><strong>Vorgesehene Fristen f\u00fcr die L\u00f6schung der verschiedenen Datenkategorien (Art. 30 Abs. 1 lit. f DS-GVO)<br \/><\/strong>bei Bewerberdaten nach Abschluss der Stellenbesetzung, au\u00dfer weitere Aufbewahrung (gesperrt) auf ausdr\u00fccklichen Wunsch des Bewerbers. Ansonsten werden Bewerberdaten nach den gesetzlichen Vorschriften nach sechs Monaten gel\u00f6scht. F\u00fcr Mitarbeiterdaten gelten die handels-, sozial- und steuerrechtlichen Aufbewahrungspflichten. Dar\u00fcber hinaus werden die personenbezogenen Daten ausgeschiedener Mitarbeiter oder in den Ruhestand versetzten Mitarbeiter automatisch archiviert und dadurch f\u00fcr eine weitere Verarbeitung gesperrt.<\/p>\n<p><strong>Allgemeine Beschreibung der technischen und organisatorischen Ma\u00dfnahmen (Art. 30 lit. g i.V.m. Art. 32 Abs.1 DS-GVO)<br \/><\/strong>Die technischen und organisatorischen Ma\u00dfnahmen zur Verwirklichung der datenschutzrechtlichen Schutzziele im B\u00fcro sind in einem eigenen Punkt Technisch Organisatorische Ma\u00dfnahmen aufgelistet.<\/p>\n<p><strong>Anlage Nr. 2<br \/>Bezeichnung der Verarbeitungst\u00e4tigkeit<\/strong>: Kundenverwaltung \/ Reisevermittlung<\/p>\n<p><strong>Verantwortliche F\u00fchrungskraft<br \/><\/strong>(Name und Anschrift der verantwortlichen Stelle, Tel und Email)<\/p>\n<p><strong>Zwecke der Verarbeitung<\/strong><\/p>\n<p><strong>(M\u00f6gliche Zwecke)<\/strong><\/p>\n<ul>\n<li>Abwicklung der vertraglich geschuldeten Dienstleistung im Zusammenhang mit einer Reisevermittlung (Pauschalreisen)<\/li>\n<li>Vermittlung von Reiser\u00fccktrittsversicherungen und sonstigen mit Reisedienstleistungen im Zusammenhang stehenden Versicherungsvertr\u00e4gen<\/li>\n<li>Vermittlung von Fl\u00fcgen<\/li>\n<li>Vermittlung von Bahntickets und Bahnreisen<\/li>\n<li>(Die enumerative Aufz\u00e4hlung ist individuell von jedem Reiseb\u00fcro vorzunehmen und gegebenenfalls zu erweitern.)<\/li>\n<\/ul>\n<p><strong>Rechtsgrundlagen der Verarbeitung<br \/><\/strong>Vertragliche Verpflichtungen aus dem Auftragsverh\u00e4ltnis Gesetzliche Verpflichtung aus den Vorschriften des BGB und HGB<\/p>\n<p><strong>Beschreibung der Kategorie betroffener Personen und der Kategorie personenbezogener Daten<\/strong><\/p>\n<p><strong>Betroffene Personengruppen<\/strong><\/p>\n<ol type=\"a\">\n<li>Kunden<\/li>\n<li>Mitarbeiter von gewerblichen Kunden<\/li>\n<\/ol>\n<p><strong>Kategorien personenbezogener Daten<br \/><\/strong>Name, Adresse (Anschrift und email), Geburtsdatum, Bankverbindung, Kreditkartennummern, k\u00f6rperliche Gebrechen (Behinderungen, wenn vom Kunden besondere Hinweise f\u00fcr Hotel oder Flug etc. gemacht werden), Reisepass- bzw. Personalausweisdaten\u2026\u2026..(individuell erg\u00e4nzen)<\/p>\n<p><strong>Kategorien von Empf\u00e4ngern, denen die Daten offengelegt worden sind bzw. noch offenzulegen sind (Art. 30 Abs. 1 lit. D DS-GVO)<\/strong><\/p>\n<ol type=\"a\">\n<li>Reiseunternehmen f\u00fcr Pauschalreisen,<\/li>\n<li>Auftragsverarbeiter f\u00fcr die Buchungsabwicklung und Rechnungserstellung (Schmetterling International GmbH &amp; Co. KG),<\/li>\n<li>Versicherungsgesellschaften,<\/li>\n<li>Deutsche Bahn,<\/li>\n<li>Fluggesellschaften,<\/li>\n<li>Hotel- und Beherbergungsbetriebe,<\/li>\n<li>Busunternehmen,<\/li>\n<li>Botschaften f\u00fcr Visumangelegenheiten,<\/li>\n<li>\u2026\u2026\u2026..(ggf. vervollst\u00e4ndigen)<\/li>\n<\/ol>\n<p><strong>Daten\u00fcbermittlung in Drittl\u00e4nder oder internationale Organisationen (Art. 30 Abs.1 lit. E DS-GVO<br \/><\/strong>Personenbezogene Daten werden zur Vertragsabwicklung von Reisedienstleistungen auch an Empf\u00e4nger mit Sitz in Drittstaaten \u00fcbermittelt. Hierbei gilt aus unserer Sicht das Prinzip der Datensparsamkeit. Nur die notwendigsten Daten werden \u00fcbermittelt.<\/p>\n<p><strong>Vorgesehene Fristen f\u00fcr die L\u00f6schung der verschiedenen Datenkategorien (Art. 30 Abs. 1 lit. f DS-GVO)<br \/><\/strong>F\u00fcr jegliche Kundendaten gelten die handels- und steuerrechtlichen Aufbewahrungspflichten.<br \/>Dar\u00fcber hinaus werden die personenbezogenen Daten ehemaliger Kunden automatisch archiviert und dadurch f\u00fcr eine weitere Verarbeitung gesperrt, bis diese endg\u00fcltig gel\u00f6scht werden.<\/p>\n<p><strong>Allgemeine Beschreibung der technischen und organisatorischen Ma\u00dfnahmen (Art. 30 lit. g i.V.m. Art. 32 Abs.1 DS-GVO)<br \/><\/strong>Die technischen und organisatorischen Ma\u00dfnahmen zur Verwirklichung der datenschutzrechtlichen Schutzziele im B\u00fcro sind in einem eigenen Punkt Technisch Organisatorische Ma\u00dfnahmen aufgelistet.<\/p>\n<p class=\"has-large-font-size\">Datenschutzerkl\u00e4rung allgemein<\/p>\n<p>Wir, das Reisecenter K\u00e4stnerpassage Inh. Karen Kleinst\u00fcck, nehmen als Anbieter von Reisedienstleistungen und verantwortliche Stelle die Verpflichtung zum Datenschutz sehr ernst und gestalten unsere Leistungen so, dass nur notwendige personenbezogene Daten erhoben, verarbeitet und genutzt werden. Unter keinen Umst\u00e4nden werden personenbezogene Daten zu Werbezwecken an Dritte vermietet oder verkauft. Ohne Ihre ausdr\u00fcckliche Einwilligung werden auch keine personenbezogenen Daten f\u00fcr Werbe- oder Marketingzwecke genutzt.<\/p>\n<p>Zugriff auf personenbezogene Daten haben beim Reisecenter K\u00e4stnerpassage Inh. Karen Kleinst\u00fcck nur solche Personen, die diese Daten zur Durchf\u00fchrung ihrer Aufgaben ben\u00f6tigen, die \u00fcber die gesetzlichen Bestimmungen zum Datenschutz informiert sind und sich gem\u00e4\u00df der geltenden gesetzlichen Bestimmungen (\u00a7 5 Bundesdatenschutzgesetzes (BDSG), bzw. Art. 5 der EU-Datenschutzgrundverordnung (EU-DSGVO)) verpflichtet haben, diese einzuhalten.<\/p>\n<p class=\"has-large-font-size\">Zweck\u00e4nderungen der Verarbeitung und Datennutzung<\/p>\n<p>Da sich auf Grund des technischen Fortschritts und organisatorischer \u00c4nderungen die eingesetzten Verarbeitungsverfahren \u00e4ndern\/weiterentwickeln k\u00f6nnen behalten wir uns vor, die vorliegende Datenschutzerkl\u00e4rung gem\u00e4\u00df den neuen technischen und organisatorischen Rahmenbedingungen weiterzuentwickeln. Wir bitten Sie deshalb die Datenschutzerkl\u00e4rung von uns von Zeit zu Zeit zu \u00fcberpr\u00fcfen. Sollten Sie mit den im Verlaufe der Zeit auftretenden Weiterentwicklungen nicht einverstanden sein, so k\u00f6nnen Sie schriftlich, gem\u00e4\u00df Art 17 EU-DSGVO, eine L\u00f6schung der Daten, die nicht auf Grundlage anderer gesetzlicher Vorgaben, wie handelsrechtlicher oder steuerrechtlicher Aufbewahrungspflichten, gespeichert werden, verlangen.<\/p>\n<p class=\"has-large-font-size\">Datenerhebung und Speicherung \/ Nutzung und Weitergabe<\/p>\n<p>Die im Rahmen unsere Leistungen erhobenen personenbezogenen Daten werden ohne Ihre Einwilligung nur zur Vertragsabwicklung und Bearbeitung Ihrer Anfragen \/ Buchungen genutzt. Dies bedeutet, wenn Sie \u00fcber uns und unsere Website eine Buchung vornehmen, werden Ihre von Ihnen angegebenen personenbezogenen Daten, das sind insbesondere Ihre Buchungs- und Kontaktdaten (Name, Vorname, Adresse, Mail Adresse, Telefonnummer), ggfs. die Daten in Reisedokumenten (Passnummer, Passdaten, Geburtsdatum,), ggfs. die Daten zu Zahlungsart und im Zusammenhang mit Zahlungen sowie weitere von Ihnen angegebene Daten zur Erf\u00fcllung unser vertraglichen Verpflichten und Abwicklung Ihre Reise gespeichert, verarbeitet und, soweit f\u00fcr die Buchung erforderlich, an Dritte, z.B. gebuchte Leistungstr\u00e4ger wie Reiseveranstalter oder Hotels, \u00fcbermittelt.<\/p>\n<p>Dar\u00fcber hinaus erfolgt eine Nutzung und Weitergabe Ihrer Daten, z.B. f\u00fcr Zwecke der Werbung und Marktforschung nur, wenn Sie hierzu zuvor Ihre Einwilligung erteilt haben. Ihre jeweilige Einwilligung diesbez\u00fcglich k\u00f6nnen Sie selbstverst\u00e4ndlich jederzeit mit Wirkung f\u00fcr die Zukunft widerrufen. Bitte senden Sie dazu eine E-Mail an Reisecenter-Kaestnerpassage@t-online.de mit dem Betreff \u201eDatenbest\u00e4nde austragen\u201c. Die Verarbeitung und Nutzung Ihrer personenbezogenen Daten erfolgt nach den Vorgaben des BDSG bzw., ab 25.05.2018, der EU-DSGVO.<\/p>\n<p>Export und Verarbeitung der Daten in Staaten au\u00dferhalb des Europ\u00e4ischen Wirtschaftsraumes<\/p>\n<p>Es findet kein Export ihrer personenbezogenen Daten in Staaten au\u00dferhalb des Europ\u00e4ischen Wirtschaftsraumes (Im Folgenden EWR) statt, soweit nicht aus der Buchung erkennbar ist, dass eine \u00dcbermittlung der angegebenen Daten an auch in Drittl\u00e4ndern liegende Dritte, z.B. zur Vertragserf\u00fcllung (Art. 49 EU-DSGVO), notwendig ist und bei Hinweis in dieser Datenschutzerkl\u00e4rung.<\/p>\n<p>Welche Besonderheiten ergeben sich bei USA-Reisen?<\/p>\n<p>Aufgrund eines US-Bundesgesetzes zur inneren Sicherheit und Terroristenbek\u00e4mpfung sind die Fluggesellschaften gezwungen, die Flug- und Reservierungsangaben jedes einzelnen Passagiers vor der Einreise den US-Einreisebeh\u00f6rden mitzuteilen. Ohne diese Daten\u00fcbermittlung ist eine Einreise in die USA nicht m\u00f6glich. Diese Daten werden von der amerikanischen Beh\u00f6rde f\u00fcr Zoll und Grenzschutz (CBP) gesammelt und k\u00f6nnen lediglich im Einzelfall an andere Beh\u00f6rden weitergeleitet werden.<\/p>\n<p>Ihre Rechte<\/p>\n<p>Als Betroffener haben Sie nach der DSGVO verschiedene Rechte, z.B. das Recht auf Berichtigung oder L\u00f6schung der sie betreffenden personenbezogenen Daten oder auf Einschr\u00e4nkung bzw. Widerspruch der Verarbeitung ihrer personenbezogenen Daten.<\/p>\n<p>Zudem hat jeder von der Verarbeitung personenbezogener Daten Betroffene das Recht, jederzeit von dem f\u00fcr die Verarbeitung Verantwortlichen unentgeltliche Auskunft \u00fcber die zu seiner Person gespeicherten personenbezogenen Daten und eine Kopie dieser Auskunft zu erhalten.<\/p>\n<p>Alle Auskunftsersuche richten Sie bitte an die verantwortliche Stelle:<\/p>\n<p><strong>Karen Kleinst\u00fcck<\/strong><br \/>Bautzner Stra\u00dfe 23\/25<br \/>01099 Dresden<br \/>Telefon: 0351\/8023946<\/p>\n<p>E-Mail: Reisecenter-Kaestnerpassage@t-online.de<\/p>\n<p>Unbeschadet eines anderweitigen verwaltungsrechtlichen oder gerichtlichen Rechtsbehelfs steht Ihnen das Recht auf Beschwerde bei einer Aufsichtsbeh\u00f6rde, insbesondere in dem Mitgliedstaat ihres Aufenthaltsorts, Ihres Arbeitsplatzes oder des Orts des mutma\u00dflichen Versto\u00dfes, zu, wenn Sie der Ansicht sind, dass die Verarbeitung der Sie betreffenden personenbezogenen Daten gegen die DSGVO verst\u00f6\u00dft. Die Aufsichtsbeh\u00f6rde, bei der die Beschwerde eingereicht wurde, unterrichtet den Beschwerdef\u00fchrer \u00fcber den Stand und die Ergebnisse der Beschwerde, einschlie\u00dflich der M\u00f6glichkeit eines gerichtlichen Rechtsbehelfs nach Art. 78 DSGVO.<\/p>\n<p class=\"has-large-font-size\">Besonderes f\u00fcr unsere Website<\/p>\n<p>Die Internetseite unseres Unternehmens erfasst mit jedem Aufruf der Internetseite durch eine betroffene Person oder ein automatisiertes System eine Reihe von allgemeinen Daten und Informationen. Diese allgemeinen Daten und Informationen werden in den Logfiles des Servers gespeichert. Erfasst werden k\u00f6nnen die (1) verwendeten Browsertypen und Versionen, (2) das vom zugreifenden System verwendete Betriebssystem, (3) die Internetseite, von welcher ein zugreifendes System auf unsere Internetseite gelangt (sogenannte Referrer), (4) die Unterwebseiten, welche \u00fcber ein zugreifendes System auf unserer Internetseite angesteuert werden, (5) das Datum und die Uhrzeit eines Zugriffs auf die Internetseite, (6) eine Internet-Protokoll-Adresse (IP-Adresse), (7) der Internet-Service-Provider des zugreifenden Systems und (8) sonstige \u00e4hnliche Daten und Informationen, die der Gefahrenabwehr im Falle von Angriffen auf unsere informationstechnologischen Systeme dienen.<\/p>\n<p>Bei der Nutzung dieser allgemeinen Daten und Informationen zieht unser Unternehmen keine R\u00fcckschl\u00fcsse auf die betroffene Person. Diese Informationen werden vielmehr ben\u00f6tigt, um (1) die Inhalte unserer Internetseite korrekt auszuliefern, (2) die Inhalte unserer Internetseite sowie die Werbung f\u00fcr diese zu optimieren, (3) die dauerhafte Funktionsf\u00e4higkeit unserer informationstechnologischen Systeme und der Technik unserer Internetseite zu gew\u00e4hrleisten sowie (4) um Strafverfolgungsbeh\u00f6rden im Falle eines Cyberangriffes die zur Strafverfolgung notwendigen Informationen bereitzustellen. Diese anonym erhobenen Daten und Informationen werden durch unser Unternehmen daher einerseits statistisch und ferner mit dem Ziel ausgewertet, den Datenschutz und die Datensicherheit in unserem Unternehmen zu erh\u00f6hen, um letztlich ein optimales Schutzniveau f\u00fcr die von uns verarbeiteten personenbezogenen Daten sicherzustellen. Die anonymen Daten der Server-Logfiles werden getrennt von allen durch eine betroffene Person angegebenen personenbezogenen Daten gespeichert.<\/p>\n<p><strong>Externe Links<\/strong><\/p>\n<p>Zu Ihrer Information finden Sie auf unseren Seiten Links, die auf Seiten Dritter verweisen. Soweit dies nicht offensichtlich erkennbar ist, weisen wir Sie darauf hin, dass es sich um einen externen Link handelt. Die verantwortliche Stelle hat keinerlei Einfluss auf den Inhalt und die Gestaltung dieser Seiten anderer Anbieter. Die Garantien dieser Datenschutzerkl\u00e4rung gelten daher f\u00fcr externe Anbieter nicht.<\/p>\n<p><strong>Welche Sicherheitsstandards werden von uns verwendet (SSL-Technologie)?<\/strong><\/p>\n<p>Die \u00dcbertragung von sensiblen, personenbezogenen Daten zwischen Ihrem Rechner und unseren Servern bzw. den Servern unserer Partner und Dienstleister ist bei Buchungen und Zahlungen \u00fcber das SSL-Verfahren (Secure Socket Layer) verschl\u00fcsselt. Somit haben fremde, dritte Personen keine M\u00f6glichkeit, Ihre Daten w\u00e4hrend der \u00dcbertragung mitzulesen. Zus\u00e4tzlich zur sicheren \u00dcbertragung zwischen Ihrem Rechner und unseren Servern ist auch der Zugriff auf unsere Server durch Dritte durch vielf\u00e4ltige Sicherheitsmechanismen gesch\u00fctzt.<\/p>\n<p>Zudem haben wir organisatorische und technische Schutzma\u00dfnahmen, die wir laufend evaluieren und bei Bedarf anpassen, um Ihre von uns gespeicherten und verarbeiteten personenbezogenen Daten zu sch\u00fctzen.<\/p>\n<p><strong>Einsatz von Cookies<\/strong><\/p>\n<p>Die verantwortliche Stelle verwendet sogenannte \u201eCookies\u201c, um die Online-Erfahrung und Online-Zeit des Kunden individuell auszugestalten und zu optimieren. Ein Cookie ist eine Textdatei, die entweder tempor\u00e4r im Arbeitsspeicher des Computers abgelegt (\u201eSitzungscookie\u201c) oder auf der Festplatte gespeichert wird (\u201epermanenter\u201c Cookie). Cookies enthalten z.B. Informationen \u00fcber die bisherigen Zugriffe des Nutzers auf den entsprechenden Server bzw. Informationen dar\u00fcber, welche Angebote bisher aufgerufen wurden. Cookies werden nicht dazu eingesetzt, um Programme auszuf\u00fchren oder Viren auf Ihren Computer zu laden. Hauptzweck von Cookies ist vielmehr, ein speziell auf den Kunden zugeschnittenes Angebot bereitzustellen und die Nutzung des Service so komfortabel wie m\u00f6glich zu gestalten.<\/p>\n<p><strong>Sitzungscookies<\/strong><\/p>\n<p>Die verantwortliche Stelle verwendet \u00fcberwiegend \u201eSitzungscookies\u201c, die nicht auf der Festplatte des Kunden gespeichert werden und die mit Verlassen des Browsers gel\u00f6scht werden. Sitzungscookies werden hierbei zur Login-Authentifizierung und zum Load-Balancing (Ausgleich der System-Belastung) verwendet.<\/p>\n<p><strong>Vermeidung von Cookies<\/strong><br \/>Der Besucher hat jederzeit die M\u00f6glichkeit, das Setzen von Cookies abzulehnen. Dies geschieht in der Regel durch die Wahl der entsprechenden Option in den Einstellungen des Browsers oder durch zus\u00e4tzliche Programme. N\u00e4heres ist der Hilfe-Funktion des kundenseitig verwendeten Browsers zu entnehmen. Entscheidet sich der Kunde f\u00fcr die Ausschaltung von Cookies, kann dies den Leistungsumfang des Services mindern und sich bei der Nutzung der Dienste der Verantwortlichen negativ bemerkbar machen.<\/p>\n<p><strong>Abonnement unseres Newsletters<\/strong>Auf der Internetseite unseres Unternehmens wird den Benutzern die M\u00f6glichkeit einger\u00e4umt, den Newsletter unseres Unternehmens zu abonnieren. Welche personenbezogenen Daten bei der Bestellung des Newsletters an den f\u00fcr die Verarbeitung Verantwortlichen \u00fcbermittelt werden, ergibt sich aus der hierzu verwendeten Eingabemaske.<\/p>\n<p>Unser Unternehmen informiert seine Kunden und Gesch\u00e4ftspartner in regelm\u00e4\u00dfigen Abst\u00e4nden im Wege eines Newsletters \u00fcber Angebote des Unternehmens. Der Newsletter unseres Unternehmens kann von der betroffenen Person grunds\u00e4tzlich nur dann empfangen werden, wenn (1) die betroffene Person \u00fcber eine g\u00fcltige E-Mail-Adresse verf\u00fcgt und (2) die betroffene Person sich f\u00fcr den Newsletterversand registriert. An die von einer betroffenen Person erstmalig f\u00fcr den Newsletterversand eingetragene E-Mail-Adresse wird aus rechtlichen Gr\u00fcnden eine Best\u00e4tigungsmail im Double-Opt-In-Verfahren versendet. Diese Best\u00e4tigungsmail dient der \u00dcberpr\u00fcfung, ob der Inhaber der E-Mail-Adresse als betroffene Person den Empfang des Newsletters autorisiert hat.<\/p>\n<p>Bei der Anmeldung zum Newsletter speichern wir ferner die vom Internet-Service-Provider (ISP) vergebene IP-Adresse des von der betroffenen Person zum Zeitpunkt der Anmeldung verwendeten Computersystems sowie das Datum und die Uhrzeit der Anmeldung. Die Erhebung dieser Daten ist erforderlich, um den (m\u00f6glichen) Missbrauch der E-Mail-Adresse einer betroffenen Person zu einem sp\u00e4teren Zeitpunkt nachvollziehen zu k\u00f6nnen und dient deshalb der rechtlichen Absicherung des f\u00fcr die Verarbeitung Verantwortlichen.<\/p>\n<p>Die im Rahmen einer Anmeldung zum Newsletter erhobenen personenbezogenen Daten werden ausschlie\u00dflich zum Versand unseres Newsletters verwendet. Ferner k\u00f6nnten Abonnenten des Newsletters per E-Mail informiert werden, sofern dies f\u00fcr den Betrieb des Newsletter-Dienstes oder eine diesbez\u00fcgliche Registrierung erforderlich ist, wie dies im Falle von \u00c4nderungen am Newsletterangebot oder bei der Ver\u00e4nderung der technischen Gegebenheiten der Fall sein k\u00f6nnte. Es erfolgt keine Weitergabe der im Rahmen des Newsletter-Dienstes erhobenen personenbezogenen Daten an Dritte. Das Abonnement unseres Newsletters kann durch die betroffene Person jederzeit gek\u00fcndigt werden. Die Einwilligung in die Speicherung personenbezogener Daten, die die betroffene Person uns f\u00fcr den Newsletterversand erteilt hat, kann jederzeit widerrufen werden. Zum Zwecke des Widerrufs der Einwilligung findet sich in jedem Newsletter ein entsprechender Link. Ferner besteht die M\u00f6glichkeit, sich jederzeit auch direkt auf der Internetseite des f\u00fcr die Verarbeitung Verantwortlichen vom Newsletterversand abzumelden oder dies dem f\u00fcr die Verarbeitung Verantwortlichen auf andere Weise mitzuteilen.<\/p>\n<p><strong>Verwendung von Newsletter-Tracking<\/strong><\/p>\n<p>Die Newsletter unseres Unternehmens enthalten sogenannte Z\u00e4hlpixel. Ein Z\u00e4hlpixel ist eine Miniaturgrafik, die in solche E-Mails eingebettet wird, welche im HTML-Format versendet werden, um eine Logdatei-Aufzeichnung und eine Logdatei-Analyse zu erm\u00f6glichen. Dadurch kann eine statistische Auswertung des Erfolges oder Misserfolges von Online-Marketing-Kampagnen durchgef\u00fchrt werden. Anhand des eingebetteten Z\u00e4hlpixels kann unser Unternehmen erkennen, ob und wann eine E-Mail von einer betroffenen Person ge\u00f6ffnet wurde und welche in der E-Mail befindlichen Links von der betroffenen Person aufgerufen wurden.<\/p>\n<p>Solche \u00fcber die in den Newslettern enthaltenen Z\u00e4hlpixel erhobenen personenbezogenen Daten, werden von dem f\u00fcr die Verarbeitung Verantwortlichen gespeichert und ausgewertet, um den Newsletterversand zu optimieren und den Inhalt zuk\u00fcnftiger Newsletter noch besser den Interessen der betroffenen Person anzupassen. Diese personenbezogenen Daten werden nicht an Dritte weitergegeben. Betroffene Personen sind jederzeit berechtigt, die diesbez\u00fcgliche gesonderte, \u00fcber das Double-Opt-In-Verfahren abgegebene Einwilligungserkl\u00e4rung zu widerrufen. Nach einem Widerruf werden diese personenbezogenen Daten von dem f\u00fcr die Verarbeitung Verantwortlichen gel\u00f6scht. Eine Abmeldung vom Erhalt des Newsletters deutet unser Unternehmen automatisch als Widerruf.<\/p>\n<p><strong>Verwendung von sonstigen Analyseprogrammen<span>\u00a0<\/span><\/strong>Die verantwortliche Stelle f\u00fchrt Analysen \u00fcber das Verhalten seiner Kunden im Rahmen der Nutzung seines Service, durch bzw. l\u00e4sst diese durchf\u00fchren. Zu diesem Zweck werden anonymisierte oder pseudonymisierte Nutzungsprofile erstellt. Die Erstellung der Nutzungsprofile erfolgt zu dem alleinigen Zweck, den Service der verantwortlichen Stelle st\u00e4ndig zu verbessern.<\/p>\n<p><strong>Verwendung von Google Analytics<span>\u00a0<\/span><\/strong><strong>(mit Anonymisierungsfunktion)<\/strong><\/p>\n<p>Der f\u00fcr die Verarbeitung Verantwortliche, hat auf dieser Internetseite die Komponente Google Analytics (mit Anonymisierungsfunktion) integriert. Google Analytics ist ein Web-Analyse-Dienst. Web-Analyse ist die Erhebung, Sammlung und Auswertung von Daten \u00fcber das Verhalten von Besuchern von Internetseiten. Ein Web-Analyse-Dienst erfasst unter anderem Daten dar\u00fcber, von welcher Internetseite eine betroffene Person auf eine Internetseite gekommen ist (sogenannte Referrer), auf welche Unterseiten der Internetseite zugegriffen oder wie oft und f\u00fcr welche Verweildauer eine Unterseite betrachtet wurde. Eine Web-Analyse wird \u00fcberwiegend zur Optimierung einer Internetseite und zur Kosten-Nutzen-Analyse von Internetwerbung eingesetzt.<\/p>\n<p>Betreibergesellschaft der Google-Analytics-Komponente ist die Google Inc., 1600 Amphitheatre Pkwy, Mountain View, CA 94043-1351, USA.<\/p>\n<p>Der f\u00fcr die Verarbeitung Verantwortliche verwendet f\u00fcr die Web-Analyse \u00fcber Google Analytics den Zusatz \u201e_gat._anonymizeIp\u201c. Mittels dieses Zusatzes wird die IP-Adresse des Internetanschlusses der betroffenen Person von Google gek\u00fcrzt und anonymisiert, wenn der Zugriff auf unsere Internetseiten aus einem Mitgliedstaat der Europ\u00e4ischen Union oder aus einem anderen Vertragsstaat des Abkommens \u00fcber den Europ\u00e4ischen Wirtschaftsraum erfolgt.<\/p>\n<p>Der Zweck der Google-Analytics-Komponente ist die Analyse der Besucherstr\u00f6me auf unserer Internetseite. Google nutzt die gewonnenen Daten und Informationen unter anderem dazu, die Nutzung unserer Internetseite auszuwerten, um f\u00fcr uns Online-Reports, welche die Aktivit\u00e4ten auf unseren Internetseiten aufzeigen, zusammenzustellen, und um weitere mit der Nutzung unserer Internetseite in Verbindung stehende Dienstleistungen zu erbringen.<\/p>\n<p>Google Analytics setzt ein Cookie auf dem informationstechnologischen System der betroffenen Person. Was Cookies sind, wurde oben bereits erl\u00e4utert. Mit Setzung des Cookies wird Google eine Analyse der Benutzung unserer Internetseite erm\u00f6glicht. Durch jeden Aufruf einer der Einzelseiten dieser Internetseite, die durch den f\u00fcr die Verarbeitung Verantwortlichen betrieben wird und auf welcher eine Google-Analytics-Komponente integriert wurde, wird der Internetbrowser auf dem informationstechnologischen System der betroffenen Person automatisch durch die jeweilige Google-Analytics-Komponente veranlasst, Daten zum Zwecke der Online-Analyse an Google zu \u00fcbermitteln. Im Rahmen dieses technischen Verfahrens erh\u00e4lt Google Kenntnis \u00fcber personenbezogene Daten, wie der IP-Adresse der betroffenen Person, die Google unter anderem dazu dienen, die Herkunft der Besucher und Klicks nachzuvollziehen und in der Folge Provisionsabrechnungen zu erm\u00f6glichen.<\/p>\n<p>Mittels des Cookies werden personenbezogene Informationen, beispielsweise die Zugriffszeit, der Ort, von welchem ein Zugriff ausging und die H\u00e4ufigkeit der Besuche unserer Internetseite durch die betroffene Person, gespeichert. Bei jedem Besuch unserer Internetseiten werden diese personenbezogenen Daten, einschlie\u00dflich der IP-Adresse des von der betroffenen Person genutzten Internetanschlusses, an Google in den Vereinigten Staaten von Amerika \u00fcbertragen. Diese personenbezogenen Daten werden durch Google in den Vereinigten Staaten von Amerika gespeichert. Google gibt diese \u00fcber das technische Verfahren erhobenen personenbezogenen Daten unter Umst\u00e4nden an Dritte weiter.<\/p>\n<p>Die betroffene Person kann die Setzung von Cookies durch unsere Internetseite, wie oben bereits dargestellt, jederzeit mittels einer entsprechenden Einstellung des genutzten Internetbrowsers verhindern und damit der Setzung von Cookies dauerhaft widersprechen. Eine solche Einstellung des genutzten Internetbrowsers w\u00fcrde auch verhindern, dass Google ein Cookie auf dem informationstechnologischen System der betroffenen Person setzt. Zudem kann ein von Google Analytics bereits gesetzter Cookie jederzeit \u00fcber den Internetbrowser oder andere Softwareprogramme gel\u00f6scht werden.<\/p>\n<p>Ferner besteht f\u00fcr die betroffene Person die M\u00f6glichkeit einer Erfassung der durch Google Analytics erzeugten, auf eine Nutzung dieser Internetseite bezogenen Daten, sowie der Verarbeitung dieser Daten durch Google zu widersprechen und eine solche zu verhindern. Hierzu muss die betroffene Person ein Browser-Add-On unter dem Link<span>\u00a0<\/span><a href=\"https:\/\/tools.google.com\/dlpage\/gaoptout\">https:\/\/tools.google.com\/dlpage\/gaoptout<\/a><span>\u00a0<\/span>herunterladen und installieren. Dieses Browser-Add-On teilt Google Analytics \u00fcber JavaScript mit, dass keine Daten und Informationen zu den Besuchen von Internetseiten an Google Analytics \u00fcbermittelt werden d\u00fcrfen. Die Installation des Browser-Add-Ons wird von Google als Widerspruch gewertet. Wird das informationstechnologische System der betroffenen Person zu einem sp\u00e4teren Zeitpunkt gel\u00f6scht, formatiert oder neu installiert, muss durch die betroffene Person eine erneute Installation des Browser-Add-Ons erfolgen, um Google Analytics zu deaktivieren. Sofern das Browser-Add-On durch die betroffene Person oder einer anderen Person, die ihrem Machtbereich zuzurechnen ist, deinstalliert oder deaktiviert wird, besteht die M\u00f6glichkeit der Neuinstallation oder der erneuten Aktivierung des Browser-Add-Ons.<\/p>\n<p>Weitere Informationen und die geltenden Datenschutzbestimmungen von Google k\u00f6nnen unter<span>\u00a0<\/span><a href=\"https:\/\/www.google.de\/intl\/de\/policies\/privacy\/\">https:\/\/www.google.de\/intl\/de\/policies\/privacy\/<\/a><span>\u00a0<\/span>und unter<span>\u00a0<\/span><a href=\"http:\/\/www.google.com\/analytics\/terms\/de.html\">http:\/\/www.google.com\/analytics\/terms\/de.html<\/a><span>\u00a0<\/span>abgerufen werden. Google Analytics wird unter diesem Link<span>\u00a0<\/span><a href=\"https:\/\/www.google.com\/intl\/de_de\/analytics\/\">https:\/\/www.google.com\/intl\/de_de\/analytics\/<\/a><span>\u00a0<\/span>genauer erl\u00e4utert.<\/p>\n<p><strong>Verwendung von Google+<\/strong><\/p>\n<p>Der f\u00fcr die Verarbeitung Verantwortliche hat auf dieser Internetseite als Komponente die Google+ Schaltfl\u00e4che integriert. Google+ ist ein sogenanntes soziales Netzwerk. Ein soziales Netzwerk ist ein im Internet betriebener sozialer Treffpunkt, eine Online-Gemeinschaft, die es den Nutzern in der Regel erm\u00f6glicht, untereinander zu kommunizieren und im virtuellen Raum zu interagieren. Ein soziales Netzwerk kann als Plattform zum Austausch von Meinungen und Erfahrungen dienen oder erm\u00f6glicht es der Internetgemeinschaft, pers\u00f6nliche oder unternehmensbezogene Informationen bereitzustellen. Google+ erm\u00f6glicht den Nutzern des sozialen Netzwerkes unter anderem die Erstellung von privaten Profilen, den Upload von Fotos und eine Vernetzung \u00fcber Freundschaftsanfragen.<\/p>\n<p>Betreibergesellschaft von Google+ ist die Google Inc., 1600 Amphitheatre Pkwy, Mountain View, CA 94043-1351, USA.<\/p>\n<p>Durch jeden Aufruf einer der Einzelseiten dieser Internetseite, die durch den f\u00fcr die Verarbeitung Verantwortlichen betrieben wird und auf welcher eine Google+ Schaltfl\u00e4che integriert wurde, wird der Internetbrowser auf dem informationstechnologischen System der betroffenen Person automatisch durch die jeweilige Google+ Schaltfl\u00e4che veranlasst, eine Darstellung der entsprechenden Google+ Schaltfl\u00e4che von Google herunterzuladen. Im Rahmen dieses technischen Verfahrens erh\u00e4lt Google Kenntnis dar\u00fcber, welche konkrete Unterseite unserer Internetseite durch die betroffene Person besucht wird. Genauere Informationen zu Google+ sind unter<span>\u00a0<\/span><a href=\"https:\/\/developers.google.com\/+\/\">https:\/\/developers.google.com\/+\/<\/a><span>\u00a0<\/span>abrufbar.<\/p>\n<p>Sofern die betroffene Person gleichzeitig bei Google+ eingeloggt ist, erkennt Google mit jedem Aufruf unserer Internetseite durch die betroffene Person und w\u00e4hrend der gesamten Dauer des jeweiligen Aufenthaltes auf unserer Internetseite, welche konkrete Unterseite unserer Internetseite die betroffene Person besucht. Diese Informationen werden durch die Google+ Schaltfl\u00e4che gesammelt und durch Google dem jeweiligen Google+-Account der betroffenen Person zugeordnet.<\/p>\n<p>Bet\u00e4tigt die betroffene Person einen der auf unserer Internetseite integrierten Google+-Buttons und gibt damit eine Google+ Empfehlung ab, ordnet Google diese Information dem pers\u00f6nlichen Google+-Benutzerkonto der betroffenen Person zu und speichert diese personenbezogenen Daten. Google speichert die Google+1-Empfehlung der betroffenen Person und macht diese in \u00dcbereinstimmung mit den von der betroffenen Person diesbez\u00fcglich akzeptierten Bedingungen \u00f6ffentlich zug\u00e4nglich. Eine von der betroffenen Person auf dieser Internetseite abgegebene Google+-Empfehlung wird in der Folge zusammen mit anderen personenbezogenen Daten, wie dem Namen des von der betroffenen Person genutzten Google+-Accounts und dem in diesem hinterlegten Foto in anderen Google-Diensten, beispielsweise den Suchmaschinenergebnissen der Google-Suchmaschine, dem Google-Konto der betroffenen Person oder an sonstigen Stellen, beispielsweise auf Internetseiten oder im Zusammenhang mit Werbeanzeigen, gespeichert und verarbeitet. Ferner ist Google in der Lage, den Besuch auf dieser Internetseite mit anderen bei Google gespeicherten personenbezogenen Daten zu verkn\u00fcpfen. Google zeichnet diese personenbezogenen Informationen ferner mit dem Zweck auf, die unterschiedlichen Dienste von Google zu verbessern oder zu optimieren.<\/p>\n<p>Google erh\u00e4lt \u00fcber die Google+-Schaltfl\u00e4che immer dann eine Information dar\u00fcber, dass die betroffene Person unsere Internetseite besucht hat, wenn die betroffene Person zum Zeitpunkt des Aufrufs unserer Internetseite gleichzeitig bei Google+ eingeloggt ist; dies findet unabh\u00e4ngig davon statt, ob die betroffene Person die Google+-Schaltfl\u00e4che anklickt oder nicht.<\/p>\n<p>Ist eine \u00dcbermittlung personenbezogener Daten an Google von der betroffenen Person nicht gewollt, kann diese eine solche \u00dcbermittlung dadurch verhindern, dass sie sich vor einem Aufruf unserer Internetseite aus ihrem Google+-Account ausloggt.<\/p>\n<p>Weitere Informationen und die geltenden Datenschutzbestimmungen von Google k\u00f6nnen unter<span>\u00a0<\/span><a href=\"https:\/\/www.google.de\/intl\/de\/policies\/privacy\/\">https:\/\/www.google.de\/intl\/de\/policies\/privacy\/<\/a><span>\u00a0<\/span>abgerufen werden. Weitere Hinweise von Google zur Google+1-Schaltfl\u00e4che k\u00f6nnen unter<span>\u00a0<\/span><a href=\"https:\/\/developers.google.com\/+\/web\/buttons-policy\">https:\/\/developers.google.com\/+\/web\/buttons-policy<\/a><span>\u00a0<\/span>abgerufen werden.<\/p>\n<p><strong>Verwendung von Google Adwords Conversion-Tracking<span>\u00a0<\/span><\/strong>Die Webseite nutzt das Online-Webprogramm Google AdWords und im Rahmen von Google\u00a0 AdWords das Conversion-Tracking. Das Google Conversion Tracking ist ein Analysedienst der Google Inc. (1600 Amphitheatre Parkway, Mountain View, CA 94043, USA; \u201eGoogle\u201c). Beim Aufruf einer von Google geschalteten Anzeige, wird ein Cookie f\u00fcr das Conversion-Tracking auf Ihrem Rechner abgelegt. Dadurch kann Google erkennen, wenn User eine Google Anzeige aufrufen und dadurch auf die Webseite weitergeleitet werden. Die Cookies verlieren nach 30 Tagen ihre G\u00fcltigkeit, enthalten keine personenbezogenen Daten und dienen somit nicht der pers\u00f6nlichen Identifizierung.<\/p>\n<p>Jeder Google AdWords-Kunde erh\u00e4lt ein anderes Cookie. Somit besteht keine M\u00f6glichkeit, dass Cookies \u00fcber die Webseiten von AdWords-Kunden nachverfolgt werden k\u00f6nnen. Die Informationen, die mit Hilfe des Conversion-Cookie erzeugt werden, dienen der Erstellung von Conversion-Statistiken f\u00fcr AdWords-Kunden, die das Conversion-Tracking nutzen. Es handelt sich dabei um Angaben \u00fcber Zahlen der Webseitenaufrufe und Weiterleitungen.<\/p>\n<p>Um das Tracking zu unterbinden, kann die Deinstallation der Cookies durch eine Einstellung in der Browser Software (Deaktivierung) unterbunden werden. Die Daten werden dann entsprechend nicht in der Conversion-Tracking Statistik aufgenommen. Weiterf\u00fchrende Informationen sowie die Datenschutzerkl\u00e4rung von Google finden Sie unter:\u00a0<span>\u00a0<\/span><a href=\"http:\/\/www.google.de\/policies\/privacy\/\">http:\/\/www.google.de\/policies\/privacy\/<\/a><\/p>\n<p><strong>Verwendung von Facebook<\/strong><\/p>\n<p>Der f\u00fcr die Verarbeitung Verantwortliche hat auf dieser Internetseite Komponenten des Unternehmens Facebook integriert. Facebook ist ein soziales Netzwerk.<\/p>\n<p>Ein soziales Netzwerk ist ein im Internet betriebener sozialer Treffpunkt, eine Online-Gemeinschaft, die es den Nutzern in der Regel erm\u00f6glicht, untereinander zu kommunizieren und im virtuellen Raum zu interagieren. Ein soziales Netzwerk kann als Plattform zum Austausch von Meinungen und Erfahrungen dienen oder erm\u00f6glicht es der Internetgemeinschaft, pers\u00f6nliche oder unternehmensbezogene Informationen bereitzustellen. Facebook erm\u00f6glicht den Nutzern des sozialen Netzwerkes unter anderem die Erstellung von privaten Profilen, den Upload von Fotos und eine Vernetzung \u00fcber Freundschaftsanfragen.<\/p>\n<p>Betreibergesellschaft von Facebook ist die Facebook, Inc., 1 Hacker Way, Menlo Park, CA 94025, USA. F\u00fcr die Verarbeitung personenbezogener Daten Verantwortlicher ist, wenn eine betroffene Person au\u00dferhalb der USA oder Kanada lebt, die Facebook Ireland Ltd., 4 Grand Canal Square, Grand Canal Harbour, Dublin 2, Ireland.<\/p>\n<p>Durch jeden Aufruf einer der Einzelseiten dieser Internetseite, die durch den f\u00fcr die Verarbeitung Verantwortlichen betrieben wird und auf welcher eine Facebook-Komponente (Facebook-Plug-In) integriert wurde, wird der Internetbrowser auf dem informationstechnologischen System der betroffenen Person automatisch durch die jeweilige Facebook-Komponente veranlasst, eine Darstellung der entsprechenden Facebook-Komponente von Facebook herunterzuladen. Eine Gesamt\u00fcbersicht \u00fcber alle Facebook-Plug-Ins kann unter<span>\u00a0<\/span><a href=\"https:\/\/developers.facebook.com\/docs\/plugins\/?locale=de_DE\">https:\/\/developers.facebook.com\/docs\/plugins\/?locale=de_DE<\/a><span>\u00a0<\/span>abgerufen werden. Im Rahmen dieses technischen Verfahrens erh\u00e4lt Facebook Kenntnis dar\u00fcber, welche konkrete Unterseite unserer Internetseite durch die betroffene Person besucht wird.<\/p>\n<p>Sofern die betroffene Person gleichzeitig bei Facebook eingeloggt ist, erkennt Facebook mit jedem Aufruf unserer Internetseite durch die betroffene Person und w\u00e4hrend der gesamten Dauer des jeweiligen Aufenthaltes auf unserer Internetseite, welche konkrete Unterseite unserer Internetseite die betroffene Person besucht. Diese Informationen werden durch die Facebook-Komponente gesammelt und durch Facebook dem jeweiligen Facebook-Account der betroffenen Person zugeordnet. Bet\u00e4tigt die betroffene Person einen der auf unserer Internetseite integrierten Facebook-Buttons, beispielsweise den \u201eGef\u00e4llt mir\u201c-Button, oder gibt die betroffene Person einen Kommentar ab, ordnet Facebook diese Information dem pers\u00f6nlichen Facebook-Benutzerkonto der betroffenen Person zu und speichert diese personenbezogenen Daten.<\/p>\n<p>Facebook erh\u00e4lt \u00fcber die Facebook-Komponente immer dann eine Information dar\u00fcber, dass die betroffene Person unsere Internetseite besucht hat, wenn die betroffene Person zum Zeitpunkt des Aufrufs unserer Internetseite gleichzeitig bei Facebook eingeloggt ist; dies findet unabh\u00e4ngig davon statt, ob die betroffene Person die Facebook-Komponente anklickt oder nicht. Ist eine derartige \u00dcbermittlung dieser Informationen an Facebook von der betroffenen Person nicht gewollt, kann diese die \u00dcbermittlung dadurch verhindern, dass sie sich vor einem Aufruf unserer Internetseite aus ihrem Facebook-Account ausloggt.<\/p>\n<p>Die von Facebook ver\u00f6ffentlichte Datenrichtlinie, die unter<span>\u00a0<\/span><a href=\"https:\/\/de-de.facebook.com\/about\/privacy\/\">https:\/\/de-de.facebook.com\/about\/privacy\/<\/a><span>\u00a0<\/span>abrufbar ist, gibt Aufschluss \u00fcber die Erhebung, Verarbeitung und Nutzung personenbezogener Daten durch Facebook. Ferner wird dort erl\u00e4utert, welche Einstellungsm\u00f6glichkeiten Facebook zum Schutz der Privatsph\u00e4re der betroffenen Person bietet. Zudem sind unterschiedliche Applikationen erh\u00e4ltlich, die es erm\u00f6glichen, eine Daten\u00fcbermittlung an Facebook zu unterdr\u00fccken. Solche Applikationen k\u00f6nnen durch die betroffene Person genutzt werden, um eine Daten\u00fcbermittlung an Facebook zu unterdr\u00fccken.<\/p>\n<p><strong>Facebook Website Custom Audiences<span>\u00a0<\/span><\/strong>Wir setzen Kommunikationstools des sozialen Netzwerkes Facebook ein, insbesondere das Produkt Custom Audiences und Website Custom Audiences. Grunds\u00e4tzlich wird dabei eine nicht-reversible und nicht-personenbezogene Pr\u00fcfsumme (Hash-Wert) aus Ihren Nutzungsdaten generiert, die an Facebook zu Analyse- und Marketingzwecken \u00fcbermittelt werden kann. F\u00fcr das Produkt Website Custom Audiences wird der Facebook Cookie angesprochen.<\/p>\n<p>Weitere Informationen \u00fcber Zweck und Umfang der Datenerhebung und die weitere Verarbeitung und Nutzung der Daten durch Facebook sowie Ihre Einstellungsm\u00f6glichkeiten zum Schutz Ihrer Privatsph\u00e4re entnehmen Sie bitte den Datenschutzrichtlinien von Facebook, welche u.a. auf<span>\u00a0<\/span><a href=\"https:\/\/www.facebook.com\/ads\/website_custom_audiences\/\">https:\/\/www.facebook.com\/ads\/website_custom_audiences\/<\/a><span>\u00a0<\/span>und<span>\u00a0<\/span><a href=\"https:\/\/www.facebook.com\/privacy\/explanation\">https:\/\/www.facebook.com\/privacy\/explanation<\/a><span>\u00a0<\/span>zu finden sind. Wenn Sie der Nutzung von Facebook Website Custom Audiences widersprechen m\u00f6chten, k\u00f6nnen Sie dies unter<span>\u00a0<\/span><a href=\"https:\/\/www.facebook.com\/ads\/website_custom_audiences\/\">https:\/\/www.facebook.com\/ads\/website_custom_audiences\/<\/a><span>\u00a0<\/span>tun.<\/p>\n<p><strong>Verwendung von Twitter<\/strong><\/p>\n<p>Der f\u00fcr die Verarbeitung Verantwortliche hat auf dieser Internetseite Komponenten von Twitter integriert. Twitter ist ein multilingualer \u00f6ffentlich zug\u00e4nglicher Mikroblogging-Dienst, auf welchem die Nutzer sogenannte Tweets, also Kurznachrichten, die auf 140 Zeichen begrenzt sind, ver\u00f6ffentlichen und verbreiten k\u00f6nnen. Diese Kurznachrichten sind f\u00fcr jedermann, also auch f\u00fcr nicht bei Twitter angemeldete Personen abrufbar. Die Tweets werden aber auch den sogenannten Followern des jeweiligen Nutzers angezeigt. Follower sind andere Twitter-Nutzer, die den Tweets eines Nutzers folgen. Ferner erm\u00f6glicht Twitter \u00fcber Hashtags, Verlinkungen oder Retweets die Ansprache eines breiten Publikums.<\/p>\n<p>Betreibergesellschaft von Twitter ist die Twitter, Inc., 1355 Market Street, Suite 900, San Francisco, CA 94103, USA.<\/p>\n<p>Durch jeden Aufruf einer der Einzelseiten dieser Internetseite, die durch den f\u00fcr die Verarbeitung Verantwortlichen betrieben wird und auf welcher eine Twitter-Komponente (Twitter-Button) integriert wurde, wird der Internetbrowser auf dem informationstechnologischen System der betroffenen Person automatisch durch die jeweilige Twitter-Komponente veranlasst, eine Darstellung der entsprechenden Twitter-Komponente von Twitter herunterzuladen. Weitere Informationen zu den Twitter-Buttons sind unter<span>\u00a0<\/span><a href=\"https:\/\/about.twitter.com\/de\/resources\/buttons\">https:\/\/about.twitter.com\/de\/resources\/buttons<\/a><span>\u00a0<\/span>abrufbar. Im Rahmen dieses technischen Verfahrens erh\u00e4lt Twitter Kenntnis dar\u00fcber, welche konkrete Unterseite unserer Internetseite durch die betroffene Person besucht wird. Zweck der Integration der Twitter-Komponente ist es, unseren Nutzern eine Weiterverbreitung der Inhalte dieser Internetseite zu erm\u00f6glichen, diese Internetseite in der digitalen Welt bekannt zu machen und unsere Besucherzahlen zu erh\u00f6hen.<\/p>\n<p>Sofern die betroffene Person gleichzeitig bei Twitter eingeloggt ist, erkennt Twitter mit jedem Aufruf unserer Internetseite durch die betroffene Person und w\u00e4hrend der gesamten Dauer des jeweiligen Aufenthaltes auf unserer Internetseite, welche konkrete Unterseite unserer Internetseite die betroffene Person besucht. Diese Informationen werden durch die Twitter-Komponente gesammelt und durch Twitter dem jeweiligen Twitter-Account der betroffenen Person zugeordnet. Bet\u00e4tigt die betroffene Person einen der auf unserer Internetseite integrierten Twitter-Buttons, werden die damit \u00fcbertragenen Daten und Informationen dem pers\u00f6nlichen Twitter-Benutzerkonto der betroffenen Person zugeordnet und von Twitter gespeichert und verarbeitet.<\/p>\n<p>Twitter erh\u00e4lt \u00fcber die Twitter-Komponente immer dann eine Information dar\u00fcber, dass die betroffene Person unsere Internetseite besucht hat, wenn die betroffene Person zum Zeitpunkt des Aufrufs unserer Internetseite gleichzeitig bei Twitter eingeloggt ist; dies findet unabh\u00e4ngig davon statt, ob die betroffene Person die Twitter-Komponente anklickt oder nicht. Ist eine derartige \u00dcbermittlung dieser Informationen an Twitter von der betroffenen Person nicht gewollt, kann diese die \u00dcbermittlung dadurch verhindern, dass sie sich vor einem Aufruf unserer Internetseite aus ihrem Twitter-Account ausloggt.<\/p>\n<p>Die geltenden Datenschutzbestimmungen von Twitter sind unter<span>\u00a0<\/span><a href=\"https:\/\/twitter.com\/privacy?lang=de\">https:\/\/twitter.com\/privacy?lang=de<\/a><span>\u00a0<\/span>abrufbar.<\/p>\n<p><strong>Verwendung von Instagram<\/strong><\/p>\n<p>Die verantwortliche Stelle hat auf ihrer Website Funktionen des Dienstes Instagram integriert. Instagram ist ein Dienst, der als audiovisuelle Plattform zu qualifizieren ist und den Nutzern das Teilen von Fotos und Videos und zudem eine Weiterverbreitung solcher Daten in anderen sozialen Netzwerken erm\u00f6glicht.<\/p>\n<p>Betreibergesellschaft der Dienste von Instagram ist die Instagram LLC, 1 Hacker Way, Building 14 First Floor, Menlo Park, CA, USA.<\/p>\n<p>Durch jeden Aufruf einer der Einzelseiten dieser Internetseite, die durch den f\u00fcr die Verarbeitung Verantwortlichen betrieben wird und auf welcher eine Instagram-Komponente (Insta-Button) integriert wurde, wird der Internetbrowser auf dem informationstechnologischen System der betroffenen Person automatisch durch die jeweilige Instagram-Komponente veranlasst, eine Darstellung der entsprechenden Komponente von Instagram herunterzuladen. Im Rahmen dieses technischen Verfahrens erh\u00e4lt Instagram Kenntnis dar\u00fcber, welche konkrete Unterseite unserer Internetseite durch die betroffene Person besucht wird.<\/p>\n<p>Sofern die betroffene Person gleichzeitig bei Instagram eingeloggt ist, erkennt Instagram mit jedem Aufruf unserer Internetseite durch die betroffene Person und w\u00e4hrend der gesamten Dauer des jeweiligen Aufenthaltes auf unserer Internetseite, welche konkrete Unterseite die betroffene Person besucht. Diese Informationen werden durch die Instagram-Komponente gesammelt und durch Instagram dem jeweiligen Instagram-Account der betroffenen Person zugeordnet. Bet\u00e4tigt die betroffene Person einen der auf unserer Internetseite integrierten Instagram-Buttons, werden die damit \u00fcbertragenen Daten und Informationen dem pers\u00f6nlichen Instagram-Benutzerkonto der betroffenen Person zugeordnet und von Instagram gespeichert und verarbeitet.<\/p>\n<p>Instagram erh\u00e4lt \u00fcber die Instagram-Komponente immer dann eine Information dar\u00fcber, dass die betroffene Person unsere Internetseite besucht hat, wenn die betroffene Person zum Zeitpunkt des Aufrufs unserer Internetseite gleichzeitig bei Instagram eingeloggt ist; dies findet unabh\u00e4ngig davon statt, ob die betroffene Person die Instagram-Komponente anklickt oder nicht. Ist eine derartige \u00dcbermittlung dieser Informationen an Instagram von der betroffenen Person nicht gewollt, kann diese die \u00dcbermittlung dadurch verhindern, dass sie sich vor einem Aufruf unserer Internetseite aus ihrem Instagram-Account ausloggt.<\/p>\n<p>Weitere Informationen und die geltenden Datenschutzbestimmungen von Instagram k\u00f6nnen unter<span>\u00a0<\/span><a href=\"https:\/\/help.instagram.com\/155833707900388\">https:\/\/help.instagram.com\/155833707900388<\/a><span>\u00a0<\/span>und<span>\u00a0<\/span><a href=\"https:\/\/www.instagram.com\/about\/legal\/privacy\/\">https:\/\/www.instagram.com\/about\/legal\/privacy\/<\/a><span>\u00a0<\/span>abgerufen werden.<\/p>\n<p><strong>Verwendung von YouTube<\/strong><\/p>\n<p>Der f\u00fcr die Verarbeitung Verantwortliche hat auf dieser Internetseite Komponenten von YouTube integriert. YouTube ist ein Internet-Videoportal, dass Video-Publishern das kostenlose Einstellen von Videoclips und anderen Nutzern die ebenfalls kostenfreie Betrachtung, Bewertung und Kommentierung dieser erm\u00f6glicht. YouTube gestattet die Publikation aller Arten von Videos, weshalb sowohl komplette Film- und Fernsehsendungen, aber auch Musikvideos, Trailer oder von Nutzern selbst angefertigte Videos \u00fcber das Internetportal abrufbar sind.<\/p>\n<p>Betreibergesellschaft von YouTube ist die YouTube, LLC, 901 Cherry Ave., San Bruno, CA 94066, USA. Die YouTube, LLC ist einer Tochtergesellschaft der Google Inc., 1600 Amphitheatre Pkwy, Mountain View, CA 94043-1351, USA.<\/p>\n<p>Durch jeden Aufruf einer der Einzelseiten dieser Internetseite, die durch den f\u00fcr die Verarbeitung Verantwortlichen betrieben wird und auf welcher eine YouTube-Komponente (YouTube-Video) integriert wurde, wird der Internetbrowser auf dem informationstechnologischen System der betroffenen Person automatisch durch die jeweilige YouTube-Komponente veranlasst, eine Darstellung der entsprechenden YouTube-Komponente von YouTube herunterzuladen. Weitere Informationen zu YouTube k\u00f6nnen unter<span>\u00a0<\/span><a href=\"https:\/\/www.youtube.com\/yt\/about\/de\/\">https:\/\/www.youtube.com\/yt\/about\/de\/<\/a><span>\u00a0<\/span>abgerufen werden. Im Rahmen dieses technischen Verfahrens erhalten YouTube und Google Kenntnis dar\u00fcber, welche konkrete Unterseite unserer Internetseite durch die betroffene Person besucht wird.<\/p>\n<p>Sofern die betroffene Person gleichzeitig bei YouTube eingeloggt ist, erkennt YouTube mit dem Aufruf einer Unterseite, die ein YouTube-Video enth\u00e4lt, welche konkrete Unterseite unserer Internetseite die betroffene Person besucht. Diese Informationen werden durch YouTube und Google gesammelt und dem jeweiligen YouTube-Account der betroffenen Person zugeordnet.<\/p>\n<p>YouTube und Google erhalten \u00fcber die YouTube-Komponente immer dann eine Information dar\u00fcber, dass die betroffene Person unsere Internetseite besucht hat, wenn die betroffene Person zum Zeitpunkt des Aufrufs unserer Internetseite gleichzeitig bei YouTube eingeloggt ist; dies findet unabh\u00e4ngig davon statt, ob die betroffene Person ein YouTube-Video anklickt oder nicht. Ist eine derartige \u00dcbermittlung dieser Informationen an YouTube und Google von der betroffenen Person nicht gewollt, kann diese die \u00dcbermittlung dadurch verhindern, dass sie sich vor einem Aufruf unserer Internetseite aus ihrem YouTube-Account ausloggt.<\/p>\n<p>Die von YouTube ver\u00f6ffentlichten Datenschutzbestimmungen, die unter<span>\u00a0<\/span><a href=\"https:\/\/www.google.de\/intl\/de\/policies\/privacy\/\">https:\/\/www.google.de\/intl\/de\/policies\/privacy\/<\/a><span>\u00a0<\/span>abrufbar sind, geben Aufschluss \u00fcber die Erhebung, Verarbeitung und Nutzung personenbezogener Daten durch YouTube und Google.<\/p>\n<p><strong>Weitere Informationen und Kontakte<\/strong><\/p>\n<p>Wenn Sie weitere Fragen zum Thema \u201cDatenschutz bei der verantwortlichen Stelle\u201d haben, wenden Sie sich an den Gesch\u00e4ftsf\u00fchrer unseres Unternehmens. Sie k\u00f6nnen erfragen, welche Ihrer Daten bei uns gespeichert sind. Dar\u00fcber hinaus k\u00f6nnen Sie Ausk\u00fcnfte, L\u00f6schungs- und Berichtigungsw\u00fcnsche zu Ihren Daten und gerne auch Anregungen jederzeit per Brief oder E-Mail an folgende Adresse senden:<\/p>\n<p>Karen Kleinst\u00fcck<br \/>Bautzner Stra\u00dfe 23\/25<br \/>01099 Dresden<br \/>Telefon: 0351\/8023946<\/p>\n<p>E-Mail: Reisecenter-Kaestnerpassage@t-online.de<\/p>[\/et_pb_text][\/et_pb_column][\/et_pb_row][\/et_pb_section]\n","protected":false},"excerpt":{"rendered":"<p>Verzeichnis von Verarbeitungst\u00e4tigkeiten nach Art. 30 DS-GVO Verantwortlicher Reiseb\u00fcroinhaber: Karen Kleinst\u00fcck Adresse: Bautzner Stra\u00dfe 23-25 in 01099 Dresden Tel: 0351\/8023946 Email: Reisecenter-Kaestnerpassage@t-online.de Gesetzlicher VertreterBei nat\u00fcrlichen Personen (siehe Punkt 1.), bei juristischen Personen (GmbH, GmbH &amp; Co. KG, AG) die Gesch\u00e4ftsleitung mit Anschrift, Tel und Email Vertreter in der EU (Art. 27 DS-GVO) Hier nicht zutreffend [&hellip;]<\/p>\n","protected":false},"author":1,"featured_media":151,"parent":0,"menu_order":0,"comment_status":"closed","ping_status":"closed","template":"","meta":{"_et_pb_use_builder":"on","_et_pb_old_content":"<!-- wp:paragraph -->\n<p><strong>Verzeichnis von Verarbeitungst\u00e4tigkeiten nach Art. 30 DS-GVO<\/strong><\/p>\n<!-- \/wp:paragraph -->\n\n<!-- wp:list {\"ordered\":true} -->\n<ol><li><strong>Verantwortlicher<\/strong><\/li><\/ol>\n<!-- \/wp:list -->\n\n<!-- wp:paragraph -->\n<p>Reiseb\u00fcroinhaber: Karen Kleinst\u00fcck<\/p>\n<!-- \/wp:paragraph -->\n\n<!-- wp:paragraph -->\n<p>Adresse: Bautzner Stra\u00dfe 23-25 in 01099 Dresden<\/p>\n<!-- \/wp:paragraph -->\n\n<!-- wp:paragraph -->\n<p>Tel: 0351\/8023946<\/p>\n<!-- \/wp:paragraph -->\n\n<!-- wp:paragraph -->\n<p>Email: Reisecenter-Kaestnerpassage@t-online.de<\/p>\n<!-- \/wp:paragraph -->\n\n<!-- wp:list {\"ordered\":true,\"start\":2} -->\n<ol start=\"2\"><li><strong>Gesetzlicher Vertreter<br><\/strong>Bei nat\u00fcrlichen Personen (siehe Punkt 1.), bei juristischen Personen (GmbH, GmbH &amp; Co. KG, AG) die Gesch\u00e4ftsleitung mit Anschrift, Tel und Email<\/li><\/ol>\n<!-- \/wp:list -->\n\n<!-- wp:list {\"ordered\":true,\"start\":3} -->\n<ol start=\"3\"><li><strong>Vertreter in der EU (Art. 27 DS-GVO)<\/strong><\/li><\/ol>\n<!-- \/wp:list -->\n\n<!-- wp:paragraph -->\n<p>Hier nicht zutreffend bzw. relevant<\/p>\n<!-- \/wp:paragraph -->\n\n<!-- wp:list {\"ordered\":true,\"start\":4} -->\n<ol start=\"4\"><li><strong>Datenschutzbeauftragter<br><\/strong>Falls ein Datenschutzbeauftragter bestellt wurde, dessen Namen, Anschrift, Tel und Email. Ansonsten \u201ehier nicht zutreffend bzw. relevant\u201c.<\/li><\/ol>\n<!-- \/wp:list -->\n\n<!-- wp:list {\"ordered\":true,\"start\":5} -->\n<ol start=\"5\"><li><strong>Zust\u00e4ndige Aufsichtsbeh\u00f6rde<\/strong><\/li><\/ol>\n<!-- \/wp:list -->\n\n<!-- wp:paragraph -->\n<p><em><u>Sachsen<\/u><\/em><\/p>\n<!-- \/wp:paragraph -->\n\n<!-- wp:paragraph -->\n<p><em>Der S\u00e4chsische Datenschutzbeauftragte<\/em><\/p>\n<!-- \/wp:paragraph -->\n\n<!-- wp:paragraph -->\n<p><em>Bernhard-von-Lindenau-Platz 1<\/em><\/p>\n<!-- \/wp:paragraph -->\n\n<!-- wp:paragraph -->\n<p><em>01067 Dresden<\/em><\/p>\n<!-- \/wp:paragraph -->\n\n<!-- wp:paragraph -->\n<p><em>Tel: 0351-4935401<\/em><\/p>\n<!-- \/wp:paragraph -->\n\n<!-- wp:paragraph -->\n<p><em>Email: <a href=\"mailto:saechsdsb@slt.sachsen.de\">saechsdsb@slt.sachsen.de<\/a><\/em><\/p>\n<!-- \/wp:paragraph -->\n\n<!-- wp:paragraph -->\n<p>Die Meldung des Datenschutzbeauftragten des Reiseb\u00fcros an die Beh\u00f6rde ist noch nicht erfolgt.<\/p>\n<!-- \/wp:paragraph -->\n\n<!-- wp:list {\"ordered\":true,\"start\":6} -->\n<ol start=\"6\"><li><strong>Regelungen zur Datensicherheit<br><\/strong>Die Regelungen zur Datensicherheit sind aus der Anlage \u201eI\u201c zu dieser \u00dcbersicht nach \u00a7 9 BDSG (alt) bzw. Art. 32 Abs. 1 DS-GVO dargestellt. Sie werden im regelm\u00e4\u00dfigen Pr\u00fcfabstand durch die Gesch\u00e4ftsleitung in Absprache mit dem beauftragten Systemadministrator und dem Datenschutzbeauftragten (falls zutreffend) auf den jeweiligen Stand der Technik gebracht.<\/li><\/ol>\n<!-- \/wp:list -->\n\n<!-- wp:list {\"ordered\":true,\"start\":7} -->\n<ol start=\"7\"><li><strong>Regelungen zur Datenl\u00f6schung<br><\/strong>Grunds\u00e4tzlich gelten f\u00fcr alle Bereiche der Datenverarbeitung im Reiseb\u00fcro die gesetzlichen Regelungen zur automatisierten L\u00f6schung von Daten. Diese werden durch Voreinstellungen in den einzelnen Datenverarbeitungsprogrammen und eine systematische Katalogisierung der in kartei- bzw. Papierform gespeicherter Daten gew\u00e4hrleistet.<\/li><\/ol>\n<!-- \/wp:list -->\n\n<!-- wp:list {\"ordered\":true,\"start\":8} -->\n<ol start=\"8\"><li><strong>Sachverhalte zu Drittstaaten\u00fcbermittlungen<\/strong><\/li><\/ol>\n<!-- \/wp:list -->\n\n<!-- wp:paragraph -->\n<p>Personenbezogene Daten werden zur Vertragsabwicklung von Reisedienstleistungen auch an Empf\u00e4nger mit Sitz in Drittstaaten \u00fcbermittelt. Hierbei gilt aus unserer Sicht das Prinzip der Datensparsamkeit. Nur die notwendigsten Daten werden \u00fcbermittelt.<\/p>\n<!-- \/wp:paragraph -->\n\n<!-- wp:paragraph -->\n<p><strong>Anlage Nr. 1<\/strong><\/p>\n<!-- \/wp:paragraph -->\n\n<!-- wp:paragraph -->\n<p><strong>Bezeichnung der Verarbeitungst\u00e4tigkeit<br><\/strong>Personalverwaltung (intern)<\/p>\n<!-- \/wp:paragraph -->\n\n<!-- wp:paragraph -->\n<p><strong>Verantwortliche F\u00fchrungskraft<br><\/strong>Den\/die Personalverantwortliche(n) des Reiseb\u00fcros mit Anschrift, Tel und Email benennen.<\/p>\n<!-- \/wp:paragraph -->\n\n<!-- wp:paragraph -->\n<p><strong>Zwecke der Verarbeitung<br><\/strong>Lohn- und Gehaltsabrechnung, Personaldisposition, Personalf\u00fchrung und -rekrutierung<\/p>\n<!-- \/wp:paragraph -->\n\n<!-- wp:paragraph -->\n<p><strong>Rechtsgrundlagen der Verarbeitung<br><\/strong>Vertragliche Verpflichtungen aus dem Arbeitsverh\u00e4ltnis<br>Gesetzliche Verpflichtung aus den Vorschriften des BGB, SGB, EStG und HGB<\/p>\n<!-- \/wp:paragraph -->\n\n<!-- wp:paragraph -->\n<p><strong>Beschreibung der Kategorie betroffener Personen und der Kategorie personenbezogener Daten<\/strong><\/p>\n<!-- \/wp:paragraph -->\n\n<!-- wp:list {\"ordered\":true,\"type\":\"a\"} -->\n<ol type=\"a\"><li>Betroffene Personengruppen<ol type=\"a\"><li>Mitarbeiter<\/li><li>Bewerber<\/li><\/ol><\/li><\/ol>\n<!-- \/wp:list -->\n\n<!-- wp:list {\"ordered\":true,\"type\":\"a\",\"start\":2} -->\n<ol type=\"a\" start=\"2\"><li>Kategorien personenbezogener Daten<\/li><\/ol>\n<!-- \/wp:list -->\n\n<!-- wp:paragraph -->\n<p>Mitarbeiter-Stammdaten:<br>Adresse, Geburtstag, Bankverbindung, Steuermerkmale, Lohngruppe, Arbeitszeit, bisherige T\u00e4tigkeitsbereiche, Qualifikationen, Urlaubs- und \u00dcberstundenaufzeichnungen, Mitarbeiterbeurteilungen<\/p>\n<!-- \/wp:paragraph -->\n\n<!-- wp:paragraph -->\n<p>Bewerbungen mit Kontaktdaten, Qualifikationen, bisherige T\u00e4tigkeiten, Arbeitszeugnisse, Gehaltsvorstellungen, Lebensl\u00e4ufen<\/p>\n<!-- \/wp:paragraph -->\n\n<!-- wp:paragraph -->\n<p><strong>Kategorien von Empf\u00e4ngern, denen die Daten offengelegt worden sind bzw. noch offenzulegen sind (Art. 30 Abs. 1 lit. D DS-GVO)<\/strong><\/p>\n<!-- \/wp:paragraph -->\n\n<!-- wp:list -->\n<ul><li>Banken<\/li><li>Sozialversicherungstr\u00e4ger<\/li><li>Finanzbeh\u00f6rden<\/li><li>Gl\u00e4ubiger bei Lohn- und Gehaltspf\u00e4ndung<\/li><li>Tr\u00e4ger einer Betriebsrente<\/li><li>Zust\u00e4ndige Steuerberaterkammer und IHK<\/li><li>Auftragsverarbeiter f\u00fcr die Gehaltsabrechnung (regelm\u00e4\u00dfig Steuerberater oder anderer Dienstleister, falls intern, nicht relevant)<\/li><\/ul>\n<!-- \/wp:list -->\n\n<!-- wp:paragraph -->\n<p><strong>Daten\u00fcbermittlung in Drittl\u00e4nder oder internationale Organisationen (Art. 30 Abs.1 lit. E DS-GVO)<\/strong><\/p>\n<!-- \/wp:paragraph -->\n\n<!-- wp:paragraph -->\n<p>Hier nicht zutreffend bzw. relevant<\/p>\n<!-- \/wp:paragraph -->\n\n<!-- wp:paragraph -->\n<p><strong>Vorgesehene Fristen f\u00fcr die L\u00f6schung der verschiedenen Datenkategorien (Art. 30 Abs. 1 lit. f DS-GVO)<br><\/strong>bei Bewerberdaten nach Abschluss der Stellenbesetzung, au\u00dfer weitere Aufbewahrung (gesperrt) auf ausdr\u00fccklichen Wunsch des Bewerbers. Ansonsten werden Bewerberdaten nach den gesetzlichen Vorschriften nach sechs Monaten gel\u00f6scht. F\u00fcr Mitarbeiterdaten gelten die handels-, sozial- und steuerrechtlichen Aufbewahrungspflichten. Dar\u00fcber hinaus werden die personenbezogenen Daten ausgeschiedener Mitarbeiter oder in den Ruhestand versetzten Mitarbeiter automatisch archiviert und dadurch f\u00fcr eine weitere Verarbeitung gesperrt.<\/p>\n<!-- \/wp:paragraph -->\n\n<!-- wp:paragraph -->\n<p><strong>Allgemeine Beschreibung der technischen und organisatorischen Ma\u00dfnahmen (Art. 30 lit. g i.V.m. Art. 32 Abs.1 DS-GVO)<br><\/strong>Die technischen und organisatorischen Ma\u00dfnahmen zur Verwirklichung der datenschutzrechtlichen Schutzziele im B\u00fcro sind in einem eigenen Punkt Technisch Organisatorische Ma\u00dfnahmen aufgelistet.<\/p>\n<!-- \/wp:paragraph -->\n\n<!-- wp:paragraph -->\n<p><strong>Anlage Nr. 2<br>Bezeichnung der Verarbeitungst\u00e4tigkeit<\/strong>: Kundenverwaltung \/ Reisevermittlung<\/p>\n<!-- \/wp:paragraph -->\n\n<!-- wp:paragraph -->\n<p><strong>Verantwortliche F\u00fchrungskraft<br><\/strong>(Name und Anschrift der verantwortlichen Stelle, Tel und Email)<\/p>\n<!-- \/wp:paragraph -->\n\n<!-- wp:paragraph -->\n<p><strong>Zwecke der Verarbeitung<\/strong><\/p>\n<!-- \/wp:paragraph -->\n\n<!-- wp:paragraph -->\n<p><strong>(M\u00f6gliche Zwecke)<\/strong><\/p>\n<!-- \/wp:paragraph -->\n\n<!-- wp:list -->\n<ul><li>Abwicklung der vertraglich geschuldeten Dienstleistung im Zusammenhang mit einer Reisevermittlung (Pauschalreisen)<\/li><li>Vermittlung von Reiser\u00fccktrittsversicherungen und sonstigen mit Reisedienstleistungen im Zusammenhang stehenden Versicherungsvertr\u00e4gen<\/li><li>Vermittlung von Fl\u00fcgen<\/li><li>Vermittlung von Bahntickets und Bahnreisen<\/li><li>(Die enumerative Aufz\u00e4hlung ist individuell von jedem Reiseb\u00fcro vorzunehmen und gegebenenfalls zu erweitern.)<\/li><\/ul>\n<!-- \/wp:list -->\n\n<!-- wp:paragraph -->\n<p><strong>Rechtsgrundlagen der Verarbeitung<br><\/strong>Vertragliche Verpflichtungen aus dem Auftragsverh\u00e4ltnis Gesetzliche Verpflichtung aus den Vorschriften des BGB und HGB<\/p>\n<!-- \/wp:paragraph -->\n\n<!-- wp:paragraph -->\n<p><strong>Beschreibung der Kategorie betroffener Personen und der Kategorie personenbezogener Daten<\/strong><\/p>\n<!-- \/wp:paragraph -->\n\n<!-- wp:paragraph -->\n<p><strong>Betroffene Personengruppen<\/strong><\/p>\n<!-- \/wp:paragraph -->\n\n<!-- wp:list {\"ordered\":true,\"type\":\"a\"} -->\n<ol type=\"a\"><li>Kunden<\/li><li>Mitarbeiter von gewerblichen Kunden<\/li><\/ol>\n<!-- \/wp:list -->\n\n<!-- wp:paragraph -->\n<p><strong>Kategorien personenbezogener Daten<br><\/strong>Name, Adresse (Anschrift und email), Geburtsdatum, Bankverbindung, Kreditkartennummern, k\u00f6rperliche Gebrechen (Behinderungen, wenn vom Kunden besondere Hinweise f\u00fcr Hotel oder Flug etc. gemacht werden), Reisepass- bzw. Personalausweisdaten\u2026\u2026..(individuell erg\u00e4nzen)<\/p>\n<!-- \/wp:paragraph -->\n\n<!-- wp:paragraph -->\n<p><strong>Kategorien von Empf\u00e4ngern, denen die Daten offengelegt worden sind bzw. noch offenzulegen sind (Art. 30 Abs. 1 lit. D DS-GVO)<\/strong><\/p>\n<!-- \/wp:paragraph -->\n\n<!-- wp:list {\"ordered\":true,\"type\":\"a\"} -->\n<ol type=\"a\"><li>Reiseunternehmen f\u00fcr Pauschalreisen,<\/li><li>Auftragsverarbeiter f\u00fcr die Buchungsabwicklung und Rechnungserstellung (Schmetterling International GmbH &amp; Co. KG),<\/li><li>Versicherungsgesellschaften,<\/li><li>Deutsche Bahn,<\/li><li>Fluggesellschaften,<\/li><li>Hotel- und Beherbergungsbetriebe,<\/li><li>Busunternehmen,<\/li><li>Botschaften f\u00fcr Visumangelegenheiten,<\/li><li>\u2026\u2026\u2026..(ggf. vervollst\u00e4ndigen)<\/li><\/ol>\n<!-- \/wp:list -->\n\n<!-- wp:paragraph -->\n<p><strong>Daten\u00fcbermittlung in Drittl\u00e4nder oder internationale Organisationen (Art. 30 Abs.1 lit. E DS-GVO<br><\/strong>Personenbezogene Daten werden zur Vertragsabwicklung von Reisedienstleistungen auch an Empf\u00e4nger mit Sitz in Drittstaaten \u00fcbermittelt. Hierbei gilt aus unserer Sicht das Prinzip der Datensparsamkeit. Nur die notwendigsten Daten werden \u00fcbermittelt.<\/p>\n<!-- \/wp:paragraph -->\n\n<!-- wp:paragraph -->\n<p><strong>Vorgesehene Fristen f\u00fcr die L\u00f6schung der verschiedenen Datenkategorien (Art. 30 Abs. 1 lit. f DS-GVO)<br><\/strong>F\u00fcr jegliche Kundendaten gelten die handels- und steuerrechtlichen Aufbewahrungspflichten.<br>Dar\u00fcber hinaus werden die personenbezogenen Daten ehemaliger Kunden automatisch archiviert und dadurch f\u00fcr eine weitere Verarbeitung gesperrt, bis diese endg\u00fcltig gel\u00f6scht werden.<\/p>\n<!-- \/wp:paragraph -->\n\n<!-- wp:paragraph -->\n<p><strong>Allgemeine Beschreibung der technischen und organisatorischen Ma\u00dfnahmen (Art. 30 lit. g i.V.m. Art. 32 Abs.1 DS-GVO)<br><\/strong>Die technischen und organisatorischen Ma\u00dfnahmen zur Verwirklichung der datenschutzrechtlichen Schutzziele im B\u00fcro sind in einem eigenen Punkt Technisch Organisatorische Ma\u00dfnahmen aufgelistet.<\/p>\n<!-- \/wp:paragraph -->\n\n<!-- wp:paragraph {\"fontSize\":\"large\"} -->\n<p class=\"has-large-font-size\">Datenschutzerkl\u00e4rung allgemein<\/p>\n<!-- \/wp:paragraph -->\n\n<!-- wp:paragraph -->\n<p>Wir, das Reisecenter K\u00e4stnerpassage Inh. Karen Kleinst\u00fcck, nehmen als Anbieter von Reisedienstleistungen und verantwortliche Stelle die Verpflichtung zum Datenschutz sehr ernst und gestalten unsere Leistungen so, dass nur notwendige personenbezogene Daten erhoben, verarbeitet und genutzt werden. Unter keinen Umst\u00e4nden werden personenbezogene Daten zu Werbezwecken an Dritte vermietet oder verkauft. Ohne Ihre ausdr\u00fcckliche Einwilligung werden auch keine personenbezogenen Daten f\u00fcr Werbe- oder Marketingzwecke genutzt.<br><br>Zugriff auf personenbezogene Daten haben beim Reisecenter K\u00e4stnerpassage Inh. Karen Kleinst\u00fcck nur solche Personen, die diese Daten zur Durchf\u00fchrung ihrer Aufgaben ben\u00f6tigen, die \u00fcber die gesetzlichen Bestimmungen zum Datenschutz informiert sind und sich gem\u00e4\u00df der geltenden gesetzlichen Bestimmungen (\u00a7 5 Bundesdatenschutzgesetzes (BDSG), bzw. Art. 5 der EU-Datenschutzgrundverordnung (EU-DSGVO)) verpflichtet haben, diese einzuhalten.<\/p>\n<!-- \/wp:paragraph -->\n\n<!-- wp:paragraph {\"fontSize\":\"large\"} -->\n<p class=\"has-large-font-size\">Zweck\u00e4nderungen der Verarbeitung und Datennutzung<\/p>\n<!-- \/wp:paragraph -->\n\n<!-- wp:paragraph -->\n<p>Da sich auf Grund des technischen Fortschritts und organisatorischer \u00c4nderungen die eingesetzten Verarbeitungsverfahren \u00e4ndern\/weiterentwickeln k\u00f6nnen behalten wir uns vor, die vorliegende Datenschutzerkl\u00e4rung gem\u00e4\u00df den neuen technischen und organisatorischen Rahmenbedingungen weiterzuentwickeln. Wir bitten Sie deshalb die Datenschutzerkl\u00e4rung von uns von Zeit zu Zeit zu \u00fcberpr\u00fcfen. Sollten Sie mit den im Verlaufe der Zeit auftretenden Weiterentwicklungen nicht einverstanden sein, so k\u00f6nnen Sie schriftlich, gem\u00e4\u00df Art 17 EU-DSGVO, eine L\u00f6schung der Daten, die nicht auf Grundlage anderer gesetzlicher Vorgaben, wie handelsrechtlicher oder steuerrechtlicher Aufbewahrungspflichten, gespeichert werden, verlangen.<\/p>\n<!-- \/wp:paragraph -->\n\n<!-- wp:paragraph {\"fontSize\":\"large\"} -->\n<p class=\"has-large-font-size\">Datenerhebung und Speicherung \/ Nutzung und Weitergabe<\/p>\n<!-- \/wp:paragraph -->\n\n<!-- wp:paragraph -->\n<p>Die im Rahmen unsere Leistungen erhobenen personenbezogenen Daten werden ohne Ihre Einwilligung nur zur Vertragsabwicklung und Bearbeitung Ihrer Anfragen \/ Buchungen genutzt. Dies bedeutet, wenn Sie \u00fcber uns und unsere Website eine Buchung vornehmen, werden Ihre von Ihnen angegebenen personenbezogenen Daten, das sind insbesondere Ihre Buchungs- und Kontaktdaten (Name, Vorname, Adresse, Mail Adresse, Telefonnummer), ggfs. die Daten in Reisedokumenten (Passnummer, Passdaten, Geburtsdatum,), ggfs. die Daten zu Zahlungsart und im Zusammenhang mit Zahlungen sowie weitere von Ihnen angegebene Daten zur Erf\u00fcllung unser vertraglichen Verpflichten und Abwicklung Ihre Reise gespeichert, verarbeitet und, soweit f\u00fcr die Buchung erforderlich, an Dritte, z.B. gebuchte Leistungstr\u00e4ger wie Reiseveranstalter oder Hotels, \u00fcbermittelt.<\/p>\n<!-- \/wp:paragraph -->\n\n<!-- wp:paragraph -->\n<p>Dar\u00fcber hinaus erfolgt eine Nutzung und Weitergabe Ihrer Daten, z.B. f\u00fcr Zwecke der Werbung und Marktforschung nur, wenn Sie hierzu zuvor Ihre Einwilligung erteilt haben. Ihre jeweilige Einwilligung diesbez\u00fcglich k\u00f6nnen Sie selbstverst\u00e4ndlich jederzeit mit Wirkung f\u00fcr die Zukunft widerrufen. Bitte senden Sie dazu eine E-Mail an Reisecenter-Kaestnerpassage@t-online.de mit dem Betreff \"Datenbest\u00e4nde austragen\". Die Verarbeitung und Nutzung Ihrer personenbezogenen Daten erfolgt nach den Vorgaben des BDSG bzw., ab 25.05.2018, der EU-DSGVO.<\/p>\n<!-- \/wp:paragraph -->\n\n<!-- wp:paragraph -->\n<p>Export und Verarbeitung der Daten in Staaten au\u00dferhalb des Europ\u00e4ischen Wirtschaftsraumes<\/p>\n<!-- \/wp:paragraph -->\n\n<!-- wp:paragraph -->\n<p>Es findet kein Export ihrer personenbezogenen Daten in Staaten au\u00dferhalb des Europ\u00e4ischen Wirtschaftsraumes (Im Folgenden EWR) statt, soweit nicht aus der Buchung erkennbar ist, dass eine \u00dcbermittlung der angegebenen Daten an auch in Drittl\u00e4ndern liegende Dritte, z.B. zur Vertragserf\u00fcllung (Art. 49 EU-DSGVO), notwendig ist und bei Hinweis in dieser Datenschutzerkl\u00e4rung.<\/p>\n<!-- \/wp:paragraph -->\n\n<!-- wp:paragraph -->\n<p>Welche Besonderheiten ergeben sich bei USA-Reisen?<\/p>\n<!-- \/wp:paragraph -->\n\n<!-- wp:paragraph -->\n<p>Aufgrund eines US-Bundesgesetzes zur inneren Sicherheit und Terroristenbek\u00e4mpfung sind die Fluggesellschaften gezwungen, die Flug- und Reservierungsangaben jedes einzelnen Passagiers vor der Einreise den US-Einreisebeh\u00f6rden mitzuteilen. Ohne diese Daten\u00fcbermittlung ist eine Einreise in die USA nicht m\u00f6glich. Diese Daten werden von der amerikanischen Beh\u00f6rde f\u00fcr Zoll und Grenzschutz (CBP) gesammelt und k\u00f6nnen lediglich im Einzelfall an andere Beh\u00f6rden weitergeleitet werden.<\/p>\n<!-- \/wp:paragraph -->\n\n<!-- wp:paragraph -->\n<p>Ihre Rechte<\/p>\n<!-- \/wp:paragraph -->\n\n<!-- wp:paragraph -->\n<p>Als Betroffener haben Sie nach der DSGVO verschiedene Rechte, z.B. das Recht auf Berichtigung oder L\u00f6schung der sie betreffenden personenbezogenen Daten oder auf Einschr\u00e4nkung bzw. Widerspruch der Verarbeitung ihrer personenbezogenen Daten.<\/p>\n<!-- \/wp:paragraph -->\n\n<!-- wp:paragraph -->\n<p>Zudem hat jeder von der Verarbeitung personenbezogener Daten Betroffene das Recht, jederzeit von dem f\u00fcr die Verarbeitung Verantwortlichen unentgeltliche Auskunft \u00fcber die zu seiner Person gespeicherten personenbezogenen Daten und eine Kopie dieser Auskunft zu erhalten.<\/p>\n<!-- \/wp:paragraph -->\n\n<!-- wp:paragraph -->\n<p>Alle Auskunftsersuche richten Sie bitte an die verantwortliche Stelle:<\/p>\n<!-- \/wp:paragraph -->\n\n<!-- wp:paragraph -->\n<p><strong>Karen Kleinst\u00fcck<\/strong><br>Bautzner Stra\u00dfe 23\/25<br>01099 Dresden<br>Telefon: 0351\/8023946<\/p>\n<!-- \/wp:paragraph -->\n\n<!-- wp:paragraph -->\n<p>E-Mail: Reisecenter-Kaestnerpassage@t-online.de<\/p>\n<!-- \/wp:paragraph -->\n\n<!-- wp:paragraph -->\n<p>Unbeschadet eines anderweitigen verwaltungsrechtlichen oder gerichtlichen Rechtsbehelfs steht Ihnen das Recht auf Beschwerde bei einer Aufsichtsbeh\u00f6rde, insbesondere in dem Mitgliedstaat ihres Aufenthaltsorts, Ihres Arbeitsplatzes oder des Orts des mutma\u00dflichen Versto\u00dfes, zu, wenn Sie der Ansicht sind, dass die Verarbeitung der Sie betreffenden personenbezogenen Daten gegen die DSGVO verst\u00f6\u00dft. Die Aufsichtsbeh\u00f6rde, bei der die Beschwerde eingereicht wurde, unterrichtet den Beschwerdef\u00fchrer \u00fcber den Stand und die Ergebnisse der Beschwerde, einschlie\u00dflich der M\u00f6glichkeit eines gerichtlichen Rechtsbehelfs nach Art. 78 DSGVO.<\/p>\n<!-- \/wp:paragraph -->\n\n<!-- wp:paragraph {\"fontSize\":\"large\"} -->\n<p class=\"has-large-font-size\">Besonderes f\u00fcr unsere Website<\/p>\n<!-- \/wp:paragraph -->\n\n<!-- wp:paragraph -->\n<p>Die Internetseite unseres Unternehmens erfasst mit jedem Aufruf der Internetseite durch eine betroffene Person oder ein automatisiertes System eine Reihe von allgemeinen Daten und Informationen. Diese allgemeinen Daten und Informationen werden in den Logfiles des Servers gespeichert. Erfasst werden k\u00f6nnen die (1) verwendeten Browsertypen und Versionen, (2) das vom zugreifenden System verwendete Betriebssystem, (3) die Internetseite, von welcher ein zugreifendes System auf unsere Internetseite gelangt (sogenannte Referrer), (4) die Unterwebseiten, welche \u00fcber ein zugreifendes System auf unserer Internetseite angesteuert werden, (5) das Datum und die Uhrzeit eines Zugriffs auf die Internetseite, (6) eine Internet-Protokoll-Adresse (IP-Adresse), (7) der Internet-Service-Provider des zugreifenden Systems und (8) sonstige \u00e4hnliche Daten und Informationen, die der Gefahrenabwehr im Falle von Angriffen auf unsere informationstechnologischen Systeme dienen.<\/p>\n<!-- \/wp:paragraph -->\n\n<!-- wp:paragraph -->\n<p>Bei der Nutzung dieser allgemeinen Daten und Informationen zieht unser Unternehmen keine R\u00fcckschl\u00fcsse auf die betroffene Person. Diese Informationen werden vielmehr ben\u00f6tigt, um (1) die Inhalte unserer Internetseite korrekt auszuliefern, (2) die Inhalte unserer Internetseite sowie die Werbung f\u00fcr diese zu optimieren, (3) die dauerhafte Funktionsf\u00e4higkeit unserer informationstechnologischen Systeme und der Technik unserer Internetseite zu gew\u00e4hrleisten sowie (4) um Strafverfolgungsbeh\u00f6rden im Falle eines Cyberangriffes die zur Strafverfolgung notwendigen Informationen bereitzustellen. Diese anonym erhobenen Daten und Informationen werden durch unser Unternehmen daher einerseits statistisch und ferner mit dem Ziel ausgewertet, den Datenschutz und die Datensicherheit in unserem Unternehmen zu erh\u00f6hen, um letztlich ein optimales Schutzniveau f\u00fcr die von uns verarbeiteten personenbezogenen Daten sicherzustellen. Die anonymen Daten der Server-Logfiles werden getrennt von allen durch eine betroffene Person angegebenen personenbezogenen Daten gespeichert.<\/p>\n<!-- \/wp:paragraph -->\n\n<!-- wp:paragraph -->\n<p><strong>Externe Links<\/strong><\/p>\n<!-- \/wp:paragraph -->\n\n<!-- wp:paragraph -->\n<p>Zu Ihrer Information finden Sie auf unseren Seiten Links, die auf Seiten Dritter verweisen. Soweit dies nicht offensichtlich erkennbar ist, weisen wir Sie darauf hin, dass es sich um einen externen Link handelt. Die verantwortliche Stelle hat keinerlei Einfluss auf den Inhalt und die Gestaltung dieser Seiten anderer Anbieter. Die Garantien dieser Datenschutzerkl\u00e4rung gelten daher f\u00fcr externe Anbieter nicht.<\/p>\n<!-- \/wp:paragraph -->\n\n<!-- wp:paragraph -->\n<p><strong>Welche Sicherheitsstandards werden von uns verwendet (SSL-Technologie)?<\/strong><\/p>\n<!-- \/wp:paragraph -->\n\n<!-- wp:paragraph -->\n<p>Die \u00dcbertragung von sensiblen, personenbezogenen Daten zwischen Ihrem Rechner und unseren Servern bzw. den Servern unserer Partner und Dienstleister ist bei Buchungen und Zahlungen \u00fcber das SSL-Verfahren (Secure Socket Layer) verschl\u00fcsselt. Somit haben fremde, dritte Personen keine M\u00f6glichkeit, Ihre Daten w\u00e4hrend der \u00dcbertragung mitzulesen. Zus\u00e4tzlich zur sicheren \u00dcbertragung zwischen Ihrem Rechner und unseren Servern ist auch der Zugriff auf unsere Server durch Dritte durch vielf\u00e4ltige Sicherheitsmechanismen gesch\u00fctzt.<\/p>\n<!-- \/wp:paragraph -->\n\n<!-- wp:paragraph -->\n<p>Zudem haben wir organisatorische und technische Schutzma\u00dfnahmen, die wir laufend evaluieren und bei Bedarf anpassen, um Ihre von uns gespeicherten und verarbeiteten personenbezogenen Daten zu sch\u00fctzen.<\/p>\n<!-- \/wp:paragraph -->\n\n<!-- wp:paragraph -->\n<p><strong>Einsatz von Cookies<\/strong><\/p>\n<!-- \/wp:paragraph -->\n\n<!-- wp:paragraph -->\n<p>Die verantwortliche Stelle verwendet sogenannte \"Cookies\", um die Online-Erfahrung und Online-Zeit des Kunden individuell auszugestalten und zu optimieren. Ein Cookie ist eine Textdatei, die entweder tempor\u00e4r im Arbeitsspeicher des Computers abgelegt (\"Sitzungscookie\") oder auf der Festplatte gespeichert wird (\"permanenter\" Cookie). Cookies enthalten z.B. Informationen \u00fcber die bisherigen Zugriffe des Nutzers auf den entsprechenden Server bzw. Informationen dar\u00fcber, welche Angebote bisher aufgerufen wurden. Cookies werden nicht dazu eingesetzt, um Programme auszuf\u00fchren oder Viren auf Ihren Computer zu laden. Hauptzweck von Cookies ist vielmehr, ein speziell auf den Kunden zugeschnittenes Angebot bereitzustellen und die Nutzung des Service so komfortabel wie m\u00f6glich zu gestalten.<\/p>\n<!-- \/wp:paragraph -->\n\n<!-- wp:paragraph -->\n<p><strong>Sitzungscookies<\/strong><\/p>\n<!-- \/wp:paragraph -->\n\n<!-- wp:paragraph -->\n<p>Die verantwortliche Stelle verwendet \u00fcberwiegend \"Sitzungscookies\", die nicht auf der Festplatte des Kunden gespeichert werden und die mit Verlassen des Browsers gel\u00f6scht werden. Sitzungscookies werden hierbei zur Login-Authentifizierung und zum Load-Balancing (Ausgleich der System-Belastung) verwendet.<\/p>\n<!-- \/wp:paragraph -->\n\n<!-- wp:paragraph -->\n<p><strong>Vermeidung von Cookies<\/strong><br>Der Besucher hat jederzeit die M\u00f6glichkeit, das Setzen von Cookies abzulehnen. Dies geschieht in der Regel durch die Wahl der entsprechenden Option in den Einstellungen des Browsers oder durch zus\u00e4tzliche Programme. N\u00e4heres ist der Hilfe-Funktion des kundenseitig verwendeten Browsers zu entnehmen. Entscheidet sich der Kunde f\u00fcr die Ausschaltung von Cookies, kann dies den Leistungsumfang des Services mindern und sich bei der Nutzung der Dienste der Verantwortlichen negativ bemerkbar machen.<\/p>\n<!-- \/wp:paragraph -->\n\n<!-- wp:paragraph -->\n<p><strong>Abonnement unseres Newsletters<\/strong>Auf der Internetseite unseres Unternehmens wird den Benutzern die M\u00f6glichkeit einger\u00e4umt, den Newsletter unseres Unternehmens zu abonnieren. Welche personenbezogenen Daten bei der Bestellung des Newsletters an den f\u00fcr die Verarbeitung Verantwortlichen \u00fcbermittelt werden, ergibt sich aus der hierzu verwendeten Eingabemaske.<\/p>\n<!-- \/wp:paragraph -->\n\n<!-- wp:paragraph -->\n<p>Unser Unternehmen informiert seine Kunden und Gesch\u00e4ftspartner in regelm\u00e4\u00dfigen Abst\u00e4nden im Wege eines Newsletters \u00fcber Angebote des Unternehmens. Der Newsletter unseres Unternehmens kann von der betroffenen Person grunds\u00e4tzlich nur dann empfangen werden, wenn (1) die betroffene Person \u00fcber eine g\u00fcltige E-Mail-Adresse verf\u00fcgt und (2) die betroffene Person sich f\u00fcr den Newsletterversand registriert. An die von einer betroffenen Person erstmalig f\u00fcr den Newsletterversand eingetragene E-Mail-Adresse wird aus rechtlichen Gr\u00fcnden eine Best\u00e4tigungsmail im Double-Opt-In-Verfahren versendet. Diese Best\u00e4tigungsmail dient der \u00dcberpr\u00fcfung, ob der Inhaber der E-Mail-Adresse als betroffene Person den Empfang des Newsletters autorisiert hat.<\/p>\n<!-- \/wp:paragraph -->\n\n<!-- wp:paragraph -->\n<p>Bei der Anmeldung zum Newsletter speichern wir ferner die vom Internet-Service-Provider (ISP) vergebene IP-Adresse des von der betroffenen Person zum Zeitpunkt der Anmeldung verwendeten Computersystems sowie das Datum und die Uhrzeit der Anmeldung. Die Erhebung dieser Daten ist erforderlich, um den (m\u00f6glichen) Missbrauch der E-Mail-Adresse einer betroffenen Person zu einem sp\u00e4teren Zeitpunkt nachvollziehen zu k\u00f6nnen und dient deshalb der rechtlichen Absicherung des f\u00fcr die Verarbeitung Verantwortlichen.<\/p>\n<!-- \/wp:paragraph -->\n\n<!-- wp:paragraph -->\n<p>Die im Rahmen einer Anmeldung zum Newsletter erhobenen personenbezogenen Daten werden ausschlie\u00dflich zum Versand unseres Newsletters verwendet. Ferner k\u00f6nnten Abonnenten des Newsletters per E-Mail informiert werden, sofern dies f\u00fcr den Betrieb des Newsletter-Dienstes oder eine diesbez\u00fcgliche Registrierung erforderlich ist, wie dies im Falle von \u00c4nderungen am Newsletterangebot oder bei der Ver\u00e4nderung der technischen Gegebenheiten der Fall sein k\u00f6nnte. Es erfolgt keine Weitergabe der im Rahmen des Newsletter-Dienstes erhobenen personenbezogenen Daten an Dritte. Das Abonnement unseres Newsletters kann durch die betroffene Person jederzeit gek\u00fcndigt werden. Die Einwilligung in die Speicherung personenbezogener Daten, die die betroffene Person uns f\u00fcr den Newsletterversand erteilt hat, kann jederzeit widerrufen werden. Zum Zwecke des Widerrufs der Einwilligung findet sich in jedem Newsletter ein entsprechender Link. Ferner besteht die M\u00f6glichkeit, sich jederzeit auch direkt auf der Internetseite des f\u00fcr die Verarbeitung Verantwortlichen vom Newsletterversand abzumelden oder dies dem f\u00fcr die Verarbeitung Verantwortlichen auf andere Weise mitzuteilen.<\/p>\n<!-- \/wp:paragraph -->\n\n<!-- wp:paragraph -->\n<p><strong>Verwendung von Newsletter-Tracking<\/strong><\/p>\n<!-- \/wp:paragraph -->\n\n<!-- wp:paragraph -->\n<p>Die Newsletter unseres Unternehmens enthalten sogenannte Z\u00e4hlpixel. Ein Z\u00e4hlpixel ist eine Miniaturgrafik, die in solche E-Mails eingebettet wird, welche im HTML-Format versendet werden, um eine Logdatei-Aufzeichnung und eine Logdatei-Analyse zu erm\u00f6glichen. Dadurch kann eine statistische Auswertung des Erfolges oder Misserfolges von Online-Marketing-Kampagnen durchgef\u00fchrt werden. Anhand des eingebetteten Z\u00e4hlpixels kann unser Unternehmen erkennen, ob und wann eine E-Mail von einer betroffenen Person ge\u00f6ffnet wurde und welche in der E-Mail befindlichen Links von der betroffenen Person aufgerufen wurden.<\/p>\n<!-- \/wp:paragraph -->\n\n<!-- wp:paragraph -->\n<p>Solche \u00fcber die in den Newslettern enthaltenen Z\u00e4hlpixel erhobenen personenbezogenen Daten, werden von dem f\u00fcr die Verarbeitung Verantwortlichen gespeichert und ausgewertet, um den Newsletterversand zu optimieren und den Inhalt zuk\u00fcnftiger Newsletter noch besser den Interessen der betroffenen Person anzupassen. Diese personenbezogenen Daten werden nicht an Dritte weitergegeben. Betroffene Personen sind jederzeit berechtigt, die diesbez\u00fcgliche gesonderte, \u00fcber das Double-Opt-In-Verfahren abgegebene Einwilligungserkl\u00e4rung zu widerrufen. Nach einem Widerruf werden diese personenbezogenen Daten von dem f\u00fcr die Verarbeitung Verantwortlichen gel\u00f6scht. Eine Abmeldung vom Erhalt des Newsletters deutet unser Unternehmen automatisch als Widerruf.<\/p>\n<!-- \/wp:paragraph -->\n\n<!-- wp:paragraph -->\n<p><strong>Verwendung von sonstigen Analyseprogrammen <\/strong>Die verantwortliche Stelle f\u00fchrt Analysen \u00fcber das Verhalten seiner Kunden im Rahmen der Nutzung seines Service, durch bzw. l\u00e4sst diese durchf\u00fchren. Zu diesem Zweck werden anonymisierte oder pseudonymisierte Nutzungsprofile erstellt. Die Erstellung der Nutzungsprofile erfolgt zu dem alleinigen Zweck, den Service der verantwortlichen Stelle st\u00e4ndig zu verbessern.<\/p>\n<!-- \/wp:paragraph -->\n\n<!-- wp:paragraph -->\n<p><strong>Verwendung von Google Analytics <\/strong><strong>(mit Anonymisierungsfunktion)<\/strong><\/p>\n<!-- \/wp:paragraph -->\n\n<!-- wp:paragraph -->\n<p>Der f\u00fcr die Verarbeitung Verantwortliche, hat auf dieser Internetseite die Komponente Google Analytics (mit Anonymisierungsfunktion) integriert. Google Analytics ist ein Web-Analyse-Dienst. Web-Analyse ist die Erhebung, Sammlung und Auswertung von Daten \u00fcber das Verhalten von Besuchern von Internetseiten. Ein Web-Analyse-Dienst erfasst unter anderem Daten dar\u00fcber, von welcher Internetseite eine betroffene Person auf eine Internetseite gekommen ist (sogenannte Referrer), auf welche Unterseiten der Internetseite zugegriffen oder wie oft und f\u00fcr welche Verweildauer eine Unterseite betrachtet wurde. Eine Web-Analyse wird \u00fcberwiegend zur Optimierung einer Internetseite und zur Kosten-Nutzen-Analyse von Internetwerbung eingesetzt.<\/p>\n<!-- \/wp:paragraph -->\n\n<!-- wp:paragraph -->\n<p>Betreibergesellschaft der Google-Analytics-Komponente ist die Google Inc., 1600 Amphitheatre Pkwy, Mountain View, CA 94043-1351, USA.<\/p>\n<!-- \/wp:paragraph -->\n\n<!-- wp:paragraph -->\n<p>Der f\u00fcr die Verarbeitung Verantwortliche verwendet f\u00fcr die Web-Analyse \u00fcber Google Analytics den Zusatz \u201e_gat._anonymizeIp\u201c. Mittels dieses Zusatzes wird die IP-Adresse des Internetanschlusses der betroffenen Person von Google gek\u00fcrzt und anonymisiert, wenn der Zugriff auf unsere Internetseiten aus einem Mitgliedstaat der Europ\u00e4ischen Union oder aus einem anderen Vertragsstaat des Abkommens \u00fcber den Europ\u00e4ischen Wirtschaftsraum erfolgt.<\/p>\n<!-- \/wp:paragraph -->\n\n<!-- wp:paragraph -->\n<p>Der Zweck der Google-Analytics-Komponente ist die Analyse der Besucherstr\u00f6me auf unserer Internetseite. Google nutzt die gewonnenen Daten und Informationen unter anderem dazu, die Nutzung unserer Internetseite auszuwerten, um f\u00fcr uns Online-Reports, welche die Aktivit\u00e4ten auf unseren Internetseiten aufzeigen, zusammenzustellen, und um weitere mit der Nutzung unserer Internetseite in Verbindung stehende Dienstleistungen zu erbringen.<\/p>\n<!-- \/wp:paragraph -->\n\n<!-- wp:paragraph -->\n<p>Google Analytics setzt ein Cookie auf dem informationstechnologischen System der betroffenen Person. Was Cookies sind, wurde oben bereits erl\u00e4utert. Mit Setzung des Cookies wird Google eine Analyse der Benutzung unserer Internetseite erm\u00f6glicht. Durch jeden Aufruf einer der Einzelseiten dieser Internetseite, die durch den f\u00fcr die Verarbeitung Verantwortlichen betrieben wird und auf welcher eine Google-Analytics-Komponente integriert wurde, wird der Internetbrowser auf dem informationstechnologischen System der betroffenen Person automatisch durch die jeweilige Google-Analytics-Komponente veranlasst, Daten zum Zwecke der Online-Analyse an Google zu \u00fcbermitteln. Im Rahmen dieses technischen Verfahrens erh\u00e4lt Google Kenntnis \u00fcber personenbezogene Daten, wie der IP-Adresse der betroffenen Person, die Google unter anderem dazu dienen, die Herkunft der Besucher und Klicks nachzuvollziehen und in der Folge Provisionsabrechnungen zu erm\u00f6glichen.<\/p>\n<!-- \/wp:paragraph -->\n\n<!-- wp:paragraph -->\n<p>Mittels des Cookies werden personenbezogene Informationen, beispielsweise die Zugriffszeit, der Ort, von welchem ein Zugriff ausging und die H\u00e4ufigkeit der Besuche unserer Internetseite durch die betroffene Person, gespeichert. Bei jedem Besuch unserer Internetseiten werden diese personenbezogenen Daten, einschlie\u00dflich der IP-Adresse des von der betroffenen Person genutzten Internetanschlusses, an Google in den Vereinigten Staaten von Amerika \u00fcbertragen. Diese personenbezogenen Daten werden durch Google in den Vereinigten Staaten von Amerika gespeichert. Google gibt diese \u00fcber das technische Verfahren erhobenen personenbezogenen Daten unter Umst\u00e4nden an Dritte weiter.<\/p>\n<!-- \/wp:paragraph -->\n\n<!-- wp:paragraph -->\n<p>Die betroffene Person kann die Setzung von Cookies durch unsere Internetseite, wie oben bereits dargestellt, jederzeit mittels einer entsprechenden Einstellung des genutzten Internetbrowsers verhindern und damit der Setzung von Cookies dauerhaft widersprechen. Eine solche Einstellung des genutzten Internetbrowsers w\u00fcrde auch verhindern, dass Google ein Cookie auf dem informationstechnologischen System der betroffenen Person setzt. Zudem kann ein von Google Analytics bereits gesetzter Cookie jederzeit \u00fcber den Internetbrowser oder andere Softwareprogramme gel\u00f6scht werden.<\/p>\n<!-- \/wp:paragraph -->\n\n<!-- wp:paragraph -->\n<p>Ferner besteht f\u00fcr die betroffene Person die M\u00f6glichkeit einer Erfassung der durch Google Analytics erzeugten, auf eine Nutzung dieser Internetseite bezogenen Daten, sowie der Verarbeitung dieser Daten durch Google zu widersprechen und eine solche zu verhindern. Hierzu muss die betroffene Person ein Browser-Add-On unter dem Link <a href=\"https:\/\/tools.google.com\/dlpage\/gaoptout\">https:\/\/tools.google.com\/dlpage\/gaoptout<\/a> herunterladen und installieren. Dieses Browser-Add-On teilt Google Analytics \u00fcber JavaScript mit, dass keine Daten und Informationen zu den Besuchen von Internetseiten an Google Analytics \u00fcbermittelt werden d\u00fcrfen. Die Installation des Browser-Add-Ons wird von Google als Widerspruch gewertet. Wird das informationstechnologische System der betroffenen Person zu einem sp\u00e4teren Zeitpunkt gel\u00f6scht, formatiert oder neu installiert, muss durch die betroffene Person eine erneute Installation des Browser-Add-Ons erfolgen, um Google Analytics zu deaktivieren. Sofern das Browser-Add-On durch die betroffene Person oder einer anderen Person, die ihrem Machtbereich zuzurechnen ist, deinstalliert oder deaktiviert wird, besteht die M\u00f6glichkeit der Neuinstallation oder der erneuten Aktivierung des Browser-Add-Ons.<\/p>\n<!-- \/wp:paragraph -->\n\n<!-- wp:paragraph -->\n<p>Weitere Informationen und die geltenden Datenschutzbestimmungen von Google k\u00f6nnen unter <a href=\"https:\/\/www.google.de\/intl\/de\/policies\/privacy\/\">https:\/\/www.google.de\/intl\/de\/policies\/privacy\/<\/a> und unter <a href=\"http:\/\/www.google.com\/analytics\/terms\/de.html\">http:\/\/www.google.com\/analytics\/terms\/de.html<\/a> abgerufen werden. Google Analytics wird unter diesem Link <a href=\"https:\/\/www.google.com\/intl\/de_de\/analytics\/\">https:\/\/www.google.com\/intl\/de_de\/analytics\/<\/a> genauer erl\u00e4utert.<\/p>\n<!-- \/wp:paragraph -->\n\n<!-- wp:paragraph -->\n<p><strong>Verwendung von Google+<\/strong><\/p>\n<!-- \/wp:paragraph -->\n\n<!-- wp:paragraph -->\n<p>Der f\u00fcr die Verarbeitung Verantwortliche hat auf dieser Internetseite als Komponente die Google+ Schaltfl\u00e4che integriert. Google+ ist ein sogenanntes soziales Netzwerk. Ein soziales Netzwerk ist ein im Internet betriebener sozialer Treffpunkt, eine Online-Gemeinschaft, die es den Nutzern in der Regel erm\u00f6glicht, untereinander zu kommunizieren und im virtuellen Raum zu interagieren. Ein soziales Netzwerk kann als Plattform zum Austausch von Meinungen und Erfahrungen dienen oder erm\u00f6glicht es der Internetgemeinschaft, pers\u00f6nliche oder unternehmensbezogene Informationen bereitzustellen. Google+ erm\u00f6glicht den Nutzern des sozialen Netzwerkes unter anderem die Erstellung von privaten Profilen, den Upload von Fotos und eine Vernetzung \u00fcber Freundschaftsanfragen.<\/p>\n<!-- \/wp:paragraph -->\n\n<!-- wp:paragraph -->\n<p>Betreibergesellschaft von Google+ ist die Google Inc., 1600 Amphitheatre Pkwy, Mountain View, CA 94043-1351, USA.<\/p>\n<!-- \/wp:paragraph -->\n\n<!-- wp:paragraph -->\n<p>Durch jeden Aufruf einer der Einzelseiten dieser Internetseite, die durch den f\u00fcr die Verarbeitung Verantwortlichen betrieben wird und auf welcher eine Google+ Schaltfl\u00e4che integriert wurde, wird der Internetbrowser auf dem informationstechnologischen System der betroffenen Person automatisch durch die jeweilige Google+ Schaltfl\u00e4che veranlasst, eine Darstellung der entsprechenden Google+ Schaltfl\u00e4che von Google herunterzuladen. Im Rahmen dieses technischen Verfahrens erh\u00e4lt Google Kenntnis dar\u00fcber, welche konkrete Unterseite unserer Internetseite durch die betroffene Person besucht wird. Genauere Informationen zu Google+ sind unter <a href=\"https:\/\/developers.google.com\/+\/\">https:\/\/developers.google.com\/+\/<\/a> abrufbar.<\/p>\n<!-- \/wp:paragraph -->\n\n<!-- wp:paragraph -->\n<p>Sofern die betroffene Person gleichzeitig bei Google+ eingeloggt ist, erkennt Google mit jedem Aufruf unserer Internetseite durch die betroffene Person und w\u00e4hrend der gesamten Dauer des jeweiligen Aufenthaltes auf unserer Internetseite, welche konkrete Unterseite unserer Internetseite die betroffene Person besucht. Diese Informationen werden durch die Google+ Schaltfl\u00e4che gesammelt und durch Google dem jeweiligen Google+-Account der betroffenen Person zugeordnet.<\/p>\n<!-- \/wp:paragraph -->\n\n<!-- wp:paragraph -->\n<p>Bet\u00e4tigt die betroffene Person einen der auf unserer Internetseite integrierten Google+-Buttons und gibt damit eine Google+ Empfehlung ab, ordnet Google diese Information dem pers\u00f6nlichen Google+-Benutzerkonto der betroffenen Person zu und speichert diese personenbezogenen Daten. Google speichert die Google+1-Empfehlung der betroffenen Person und macht diese in \u00dcbereinstimmung mit den von der betroffenen Person diesbez\u00fcglich akzeptierten Bedingungen \u00f6ffentlich zug\u00e4nglich. Eine von der betroffenen Person auf dieser Internetseite abgegebene Google+-Empfehlung wird in der Folge zusammen mit anderen personenbezogenen Daten, wie dem Namen des von der betroffenen Person genutzten Google+-Accounts und dem in diesem hinterlegten Foto in anderen Google-Diensten, beispielsweise den Suchmaschinenergebnissen der Google-Suchmaschine, dem Google-Konto der betroffenen Person oder an sonstigen Stellen, beispielsweise auf Internetseiten oder im Zusammenhang mit Werbeanzeigen, gespeichert und verarbeitet. Ferner ist Google in der Lage, den Besuch auf dieser Internetseite mit anderen bei Google gespeicherten personenbezogenen Daten zu verkn\u00fcpfen. Google zeichnet diese personenbezogenen Informationen ferner mit dem Zweck auf, die unterschiedlichen Dienste von Google zu verbessern oder zu optimieren.<\/p>\n<!-- \/wp:paragraph -->\n\n<!-- wp:paragraph -->\n<p>Google erh\u00e4lt \u00fcber die Google+-Schaltfl\u00e4che immer dann eine Information dar\u00fcber, dass die betroffene Person unsere Internetseite besucht hat, wenn die betroffene Person zum Zeitpunkt des Aufrufs unserer Internetseite gleichzeitig bei Google+ eingeloggt ist; dies findet unabh\u00e4ngig davon statt, ob die betroffene Person die Google+-Schaltfl\u00e4che anklickt oder nicht.<\/p>\n<!-- \/wp:paragraph -->\n\n<!-- wp:paragraph -->\n<p>Ist eine \u00dcbermittlung personenbezogener Daten an Google von der betroffenen Person nicht gewollt, kann diese eine solche \u00dcbermittlung dadurch verhindern, dass sie sich vor einem Aufruf unserer Internetseite aus ihrem Google+-Account ausloggt.<\/p>\n<!-- \/wp:paragraph -->\n\n<!-- wp:paragraph -->\n<p>Weitere Informationen und die geltenden Datenschutzbestimmungen von Google k\u00f6nnen unter <a href=\"https:\/\/www.google.de\/intl\/de\/policies\/privacy\/\">https:\/\/www.google.de\/intl\/de\/policies\/privacy\/<\/a> abgerufen werden. Weitere Hinweise von Google zur Google+1-Schaltfl\u00e4che k\u00f6nnen unter <a href=\"https:\/\/developers.google.com\/+\/web\/buttons-policy\">https:\/\/developers.google.com\/+\/web\/buttons-policy<\/a> abgerufen werden.<\/p>\n<!-- \/wp:paragraph -->\n\n<!-- wp:paragraph -->\n<p><strong>Verwendung von Google Adwords Conversion-Tracking <\/strong>Die Webseite nutzt das Online-Webprogramm Google AdWords und im Rahmen von Google&nbsp; AdWords das Conversion-Tracking. Das Google Conversion Tracking ist ein Analysedienst der Google Inc. (1600 Amphitheatre Parkway, Mountain View, CA 94043, USA; \u201eGoogle\u201c). Beim Aufruf einer von Google geschalteten Anzeige, wird ein Cookie f\u00fcr das Conversion-Tracking auf Ihrem Rechner abgelegt. Dadurch kann Google erkennen, wenn User eine Google Anzeige aufrufen und dadurch auf die Webseite weitergeleitet werden. Die Cookies verlieren nach 30 Tagen ihre G\u00fcltigkeit, enthalten keine personenbezogenen Daten und dienen somit nicht der pers\u00f6nlichen Identifizierung.<\/p>\n<!-- \/wp:paragraph -->\n\n<!-- wp:paragraph -->\n<p>Jeder Google AdWords-Kunde erh\u00e4lt ein anderes Cookie. Somit besteht keine M\u00f6glichkeit, dass Cookies \u00fcber die Webseiten von AdWords-Kunden nachverfolgt werden k\u00f6nnen. Die Informationen, die mit Hilfe des Conversion-Cookie erzeugt werden, dienen der Erstellung von Conversion-Statistiken f\u00fcr AdWords-Kunden, die das Conversion-Tracking nutzen. Es handelt sich dabei um Angaben \u00fcber Zahlen der Webseitenaufrufe und Weiterleitungen.<\/p>\n<!-- \/wp:paragraph -->\n\n<!-- wp:paragraph -->\n<p>Um das Tracking zu unterbinden, kann die Deinstallation der Cookies durch eine Einstellung in der Browser Software (Deaktivierung) unterbunden werden. Die Daten werden dann entsprechend nicht in der Conversion-Tracking Statistik aufgenommen. Weiterf\u00fchrende Informationen sowie die Datenschutzerkl\u00e4rung von Google finden Sie unter:&nbsp; <a href=\"http:\/\/www.google.de\/policies\/privacy\/\">http:\/\/www.google.de\/policies\/privacy\/<\/a><\/p>\n<!-- \/wp:paragraph -->\n\n<!-- wp:paragraph -->\n<p><strong>Verwendung von Facebook<\/strong><\/p>\n<!-- \/wp:paragraph -->\n\n<!-- wp:paragraph -->\n<p>Der f\u00fcr die Verarbeitung Verantwortliche hat auf dieser Internetseite Komponenten des Unternehmens Facebook integriert. Facebook ist ein soziales Netzwerk.<\/p>\n<!-- \/wp:paragraph -->\n\n<!-- wp:paragraph -->\n<p>Ein soziales Netzwerk ist ein im Internet betriebener sozialer Treffpunkt, eine Online-Gemeinschaft, die es den Nutzern in der Regel erm\u00f6glicht, untereinander zu kommunizieren und im virtuellen Raum zu interagieren. Ein soziales Netzwerk kann als Plattform zum Austausch von Meinungen und Erfahrungen dienen oder erm\u00f6glicht es der Internetgemeinschaft, pers\u00f6nliche oder unternehmensbezogene Informationen bereitzustellen. Facebook erm\u00f6glicht den Nutzern des sozialen Netzwerkes unter anderem die Erstellung von privaten Profilen, den Upload von Fotos und eine Vernetzung \u00fcber Freundschaftsanfragen.<\/p>\n<!-- \/wp:paragraph -->\n\n<!-- wp:paragraph -->\n<p>Betreibergesellschaft von Facebook ist die Facebook, Inc., 1 Hacker Way, Menlo Park, CA 94025, USA. F\u00fcr die Verarbeitung personenbezogener Daten Verantwortlicher ist, wenn eine betroffene Person au\u00dferhalb der USA oder Kanada lebt, die Facebook Ireland Ltd., 4 Grand Canal Square, Grand Canal Harbour, Dublin 2, Ireland.<\/p>\n<!-- \/wp:paragraph -->\n\n<!-- wp:paragraph -->\n<p>Durch jeden Aufruf einer der Einzelseiten dieser Internetseite, die durch den f\u00fcr die Verarbeitung Verantwortlichen betrieben wird und auf welcher eine Facebook-Komponente (Facebook-Plug-In) integriert wurde, wird der Internetbrowser auf dem informationstechnologischen System der betroffenen Person automatisch durch die jeweilige Facebook-Komponente veranlasst, eine Darstellung der entsprechenden Facebook-Komponente von Facebook herunterzuladen. Eine Gesamt\u00fcbersicht \u00fcber alle Facebook-Plug-Ins kann unter <a href=\"https:\/\/developers.facebook.com\/docs\/plugins\/?locale=de_DE\">https:\/\/developers.facebook.com\/docs\/plugins\/?locale=de_DE<\/a> abgerufen werden. Im Rahmen dieses technischen Verfahrens erh\u00e4lt Facebook Kenntnis dar\u00fcber, welche konkrete Unterseite unserer Internetseite durch die betroffene Person besucht wird.<\/p>\n<!-- \/wp:paragraph -->\n\n<!-- wp:paragraph -->\n<p>Sofern die betroffene Person gleichzeitig bei Facebook eingeloggt ist, erkennt Facebook mit jedem Aufruf unserer Internetseite durch die betroffene Person und w\u00e4hrend der gesamten Dauer des jeweiligen Aufenthaltes auf unserer Internetseite, welche konkrete Unterseite unserer Internetseite die betroffene Person besucht. Diese Informationen werden durch die Facebook-Komponente gesammelt und durch Facebook dem jeweiligen Facebook-Account der betroffenen Person zugeordnet. Bet\u00e4tigt die betroffene Person einen der auf unserer Internetseite integrierten Facebook-Buttons, beispielsweise den \u201eGef\u00e4llt mir\u201c-Button, oder gibt die betroffene Person einen Kommentar ab, ordnet Facebook diese Information dem pers\u00f6nlichen Facebook-Benutzerkonto der betroffenen Person zu und speichert diese personenbezogenen Daten.<\/p>\n<!-- \/wp:paragraph -->\n\n<!-- wp:paragraph -->\n<p>Facebook erh\u00e4lt \u00fcber die Facebook-Komponente immer dann eine Information dar\u00fcber, dass die betroffene Person unsere Internetseite besucht hat, wenn die betroffene Person zum Zeitpunkt des Aufrufs unserer Internetseite gleichzeitig bei Facebook eingeloggt ist; dies findet unabh\u00e4ngig davon statt, ob die betroffene Person die Facebook-Komponente anklickt oder nicht. Ist eine derartige \u00dcbermittlung dieser Informationen an Facebook von der betroffenen Person nicht gewollt, kann diese die \u00dcbermittlung dadurch verhindern, dass sie sich vor einem Aufruf unserer Internetseite aus ihrem Facebook-Account ausloggt.<\/p>\n<!-- \/wp:paragraph -->\n\n<!-- wp:paragraph -->\n<p>Die von Facebook ver\u00f6ffentlichte Datenrichtlinie, die unter <a href=\"https:\/\/de-de.facebook.com\/about\/privacy\/\">https:\/\/de-de.facebook.com\/about\/privacy\/<\/a> abrufbar ist, gibt Aufschluss \u00fcber die Erhebung, Verarbeitung und Nutzung personenbezogener Daten durch Facebook. Ferner wird dort erl\u00e4utert, welche Einstellungsm\u00f6glichkeiten Facebook zum Schutz der Privatsph\u00e4re der betroffenen Person bietet. Zudem sind unterschiedliche Applikationen erh\u00e4ltlich, die es erm\u00f6glichen, eine Daten\u00fcbermittlung an Facebook zu unterdr\u00fccken. Solche Applikationen k\u00f6nnen durch die betroffene Person genutzt werden, um eine Daten\u00fcbermittlung an Facebook zu unterdr\u00fccken.<\/p>\n<!-- \/wp:paragraph -->\n\n<!-- wp:paragraph -->\n<p><strong>Facebook Website Custom Audiences <\/strong>Wir setzen Kommunikationstools des sozialen Netzwerkes Facebook ein, insbesondere das Produkt Custom Audiences und Website Custom Audiences. Grunds\u00e4tzlich wird dabei eine nicht-reversible und nicht-personenbezogene Pr\u00fcfsumme (Hash-Wert) aus Ihren Nutzungsdaten generiert, die an Facebook zu Analyse- und Marketingzwecken \u00fcbermittelt werden kann. F\u00fcr das Produkt Website Custom Audiences wird der Facebook Cookie angesprochen.<\/p>\n<!-- \/wp:paragraph -->\n\n<!-- wp:paragraph -->\n<p>Weitere Informationen \u00fcber Zweck und Umfang der Datenerhebung und die weitere Verarbeitung und Nutzung der Daten durch Facebook sowie Ihre Einstellungsm\u00f6glichkeiten zum Schutz Ihrer Privatsph\u00e4re entnehmen Sie bitte den Datenschutzrichtlinien von Facebook, welche u.a. auf <a href=\"https:\/\/www.facebook.com\/ads\/website_custom_audiences\/\">https:\/\/www.facebook.com\/ads\/website_custom_audiences\/<\/a> und <a href=\"https:\/\/www.facebook.com\/privacy\/explanation\">https:\/\/www.facebook.com\/privacy\/explanation<\/a> zu finden sind. Wenn Sie der Nutzung von Facebook Website Custom Audiences widersprechen m\u00f6chten, k\u00f6nnen Sie dies unter <a href=\"https:\/\/www.facebook.com\/ads\/website_custom_audiences\/\">https:\/\/www.facebook.com\/ads\/website_custom_audiences\/<\/a> tun.<\/p>\n<!-- \/wp:paragraph -->\n\n<!-- wp:paragraph -->\n<p><strong>Verwendung von Twitter<\/strong><\/p>\n<!-- \/wp:paragraph -->\n\n<!-- wp:paragraph -->\n<p>Der f\u00fcr die Verarbeitung Verantwortliche hat auf dieser Internetseite Komponenten von Twitter integriert. Twitter ist ein multilingualer \u00f6ffentlich zug\u00e4nglicher Mikroblogging-Dienst, auf welchem die Nutzer sogenannte Tweets, also Kurznachrichten, die auf 140 Zeichen begrenzt sind, ver\u00f6ffentlichen und verbreiten k\u00f6nnen. Diese Kurznachrichten sind f\u00fcr jedermann, also auch f\u00fcr nicht bei Twitter angemeldete Personen abrufbar. Die Tweets werden aber auch den sogenannten Followern des jeweiligen Nutzers angezeigt. Follower sind andere Twitter-Nutzer, die den Tweets eines Nutzers folgen. Ferner erm\u00f6glicht Twitter \u00fcber Hashtags, Verlinkungen oder Retweets die Ansprache eines breiten Publikums.<\/p>\n<!-- \/wp:paragraph -->\n\n<!-- wp:paragraph -->\n<p>Betreibergesellschaft von Twitter ist die Twitter, Inc., 1355 Market Street, Suite 900, San Francisco, CA 94103, USA.<\/p>\n<!-- \/wp:paragraph -->\n\n<!-- wp:paragraph -->\n<p>Durch jeden Aufruf einer der Einzelseiten dieser Internetseite, die durch den f\u00fcr die Verarbeitung Verantwortlichen betrieben wird und auf welcher eine Twitter-Komponente (Twitter-Button) integriert wurde, wird der Internetbrowser auf dem informationstechnologischen System der betroffenen Person automatisch durch die jeweilige Twitter-Komponente veranlasst, eine Darstellung der entsprechenden Twitter-Komponente von Twitter herunterzuladen. Weitere Informationen zu den Twitter-Buttons sind unter <a href=\"https:\/\/about.twitter.com\/de\/resources\/buttons\">https:\/\/about.twitter.com\/de\/resources\/buttons<\/a> abrufbar. Im Rahmen dieses technischen Verfahrens erh\u00e4lt Twitter Kenntnis dar\u00fcber, welche konkrete Unterseite unserer Internetseite durch die betroffene Person besucht wird. Zweck der Integration der Twitter-Komponente ist es, unseren Nutzern eine Weiterverbreitung der Inhalte dieser Internetseite zu erm\u00f6glichen, diese Internetseite in der digitalen Welt bekannt zu machen und unsere Besucherzahlen zu erh\u00f6hen.<\/p>\n<!-- \/wp:paragraph -->\n\n<!-- wp:paragraph -->\n<p>Sofern die betroffene Person gleichzeitig bei Twitter eingeloggt ist, erkennt Twitter mit jedem Aufruf unserer Internetseite durch die betroffene Person und w\u00e4hrend der gesamten Dauer des jeweiligen Aufenthaltes auf unserer Internetseite, welche konkrete Unterseite unserer Internetseite die betroffene Person besucht. Diese Informationen werden durch die Twitter-Komponente gesammelt und durch Twitter dem jeweiligen Twitter-Account der betroffenen Person zugeordnet. Bet\u00e4tigt die betroffene Person einen der auf unserer Internetseite integrierten Twitter-Buttons, werden die damit \u00fcbertragenen Daten und Informationen dem pers\u00f6nlichen Twitter-Benutzerkonto der betroffenen Person zugeordnet und von Twitter gespeichert und verarbeitet.<\/p>\n<!-- \/wp:paragraph -->\n\n<!-- wp:paragraph -->\n<p>Twitter erh\u00e4lt \u00fcber die Twitter-Komponente immer dann eine Information dar\u00fcber, dass die betroffene Person unsere Internetseite besucht hat, wenn die betroffene Person zum Zeitpunkt des Aufrufs unserer Internetseite gleichzeitig bei Twitter eingeloggt ist; dies findet unabh\u00e4ngig davon statt, ob die betroffene Person die Twitter-Komponente anklickt oder nicht. Ist eine derartige \u00dcbermittlung dieser Informationen an Twitter von der betroffenen Person nicht gewollt, kann diese die \u00dcbermittlung dadurch verhindern, dass sie sich vor einem Aufruf unserer Internetseite aus ihrem Twitter-Account ausloggt.<\/p>\n<!-- \/wp:paragraph -->\n\n<!-- wp:paragraph -->\n<p>Die geltenden Datenschutzbestimmungen von Twitter sind unter <a href=\"https:\/\/twitter.com\/privacy?lang=de\">https:\/\/twitter.com\/privacy?lang=de<\/a> abrufbar.<\/p>\n<!-- \/wp:paragraph -->\n\n<!-- wp:paragraph -->\n<p><strong>Verwendung von Instagram<\/strong><\/p>\n<!-- \/wp:paragraph -->\n\n<!-- wp:paragraph -->\n<p>Die verantwortliche Stelle hat auf ihrer Website Funktionen des Dienstes Instagram integriert. Instagram ist ein Dienst, der als audiovisuelle Plattform zu qualifizieren ist und den Nutzern das Teilen von Fotos und Videos und zudem eine Weiterverbreitung solcher Daten in anderen sozialen Netzwerken erm\u00f6glicht.<\/p>\n<!-- \/wp:paragraph -->\n\n<!-- wp:paragraph -->\n<p>Betreibergesellschaft der Dienste von Instagram ist die Instagram LLC, 1 Hacker Way, Building 14 First Floor, Menlo Park, CA, USA.<\/p>\n<!-- \/wp:paragraph -->\n\n<!-- wp:paragraph -->\n<p>Durch jeden Aufruf einer der Einzelseiten dieser Internetseite, die durch den f\u00fcr die Verarbeitung Verantwortlichen betrieben wird und auf welcher eine Instagram-Komponente (Insta-Button) integriert wurde, wird der Internetbrowser auf dem informationstechnologischen System der betroffenen Person automatisch durch die jeweilige Instagram-Komponente veranlasst, eine Darstellung der entsprechenden Komponente von Instagram herunterzuladen. Im Rahmen dieses technischen Verfahrens erh\u00e4lt Instagram Kenntnis dar\u00fcber, welche konkrete Unterseite unserer Internetseite durch die betroffene Person besucht wird.<\/p>\n<!-- \/wp:paragraph -->\n\n<!-- wp:paragraph -->\n<p>Sofern die betroffene Person gleichzeitig bei Instagram eingeloggt ist, erkennt Instagram mit jedem Aufruf unserer Internetseite durch die betroffene Person und w\u00e4hrend der gesamten Dauer des jeweiligen Aufenthaltes auf unserer Internetseite, welche konkrete Unterseite die betroffene Person besucht. Diese Informationen werden durch die Instagram-Komponente gesammelt und durch Instagram dem jeweiligen Instagram-Account der betroffenen Person zugeordnet. Bet\u00e4tigt die betroffene Person einen der auf unserer Internetseite integrierten Instagram-Buttons, werden die damit \u00fcbertragenen Daten und Informationen dem pers\u00f6nlichen Instagram-Benutzerkonto der betroffenen Person zugeordnet und von Instagram gespeichert und verarbeitet.<\/p>\n<!-- \/wp:paragraph -->\n\n<!-- wp:paragraph -->\n<p>Instagram erh\u00e4lt \u00fcber die Instagram-Komponente immer dann eine Information dar\u00fcber, dass die betroffene Person unsere Internetseite besucht hat, wenn die betroffene Person zum Zeitpunkt des Aufrufs unserer Internetseite gleichzeitig bei Instagram eingeloggt ist; dies findet unabh\u00e4ngig davon statt, ob die betroffene Person die Instagram-Komponente anklickt oder nicht. Ist eine derartige \u00dcbermittlung dieser Informationen an Instagram von der betroffenen Person nicht gewollt, kann diese die \u00dcbermittlung dadurch verhindern, dass sie sich vor einem Aufruf unserer Internetseite aus ihrem Instagram-Account ausloggt.<\/p>\n<!-- \/wp:paragraph -->\n\n<!-- wp:paragraph -->\n<p>Weitere Informationen und die geltenden Datenschutzbestimmungen von Instagram k\u00f6nnen unter <a href=\"https:\/\/help.instagram.com\/155833707900388\">https:\/\/help.instagram.com\/155833707900388<\/a> und <a href=\"https:\/\/www.instagram.com\/about\/legal\/privacy\/\">https:\/\/www.instagram.com\/about\/legal\/privacy\/<\/a> abgerufen werden.<\/p>\n<!-- \/wp:paragraph -->\n\n<!-- wp:paragraph -->\n<p><strong>Verwendung von YouTube<\/strong><\/p>\n<!-- \/wp:paragraph -->\n\n<!-- wp:paragraph -->\n<p>Der f\u00fcr die Verarbeitung Verantwortliche hat auf dieser Internetseite Komponenten von YouTube integriert. YouTube ist ein Internet-Videoportal, dass Video-Publishern das kostenlose Einstellen von Videoclips und anderen Nutzern die ebenfalls kostenfreie Betrachtung, Bewertung und Kommentierung dieser erm\u00f6glicht. YouTube gestattet die Publikation aller Arten von Videos, weshalb sowohl komplette Film- und Fernsehsendungen, aber auch Musikvideos, Trailer oder von Nutzern selbst angefertigte Videos \u00fcber das Internetportal abrufbar sind.<\/p>\n<!-- \/wp:paragraph -->\n\n<!-- wp:paragraph -->\n<p>Betreibergesellschaft von YouTube ist die YouTube, LLC, 901 Cherry Ave., San Bruno, CA 94066, USA. Die YouTube, LLC ist einer Tochtergesellschaft der Google Inc., 1600 Amphitheatre Pkwy, Mountain View, CA 94043-1351, USA.<\/p>\n<!-- \/wp:paragraph -->\n\n<!-- wp:paragraph -->\n<p>Durch jeden Aufruf einer der Einzelseiten dieser Internetseite, die durch den f\u00fcr die Verarbeitung Verantwortlichen betrieben wird und auf welcher eine YouTube-Komponente (YouTube-Video) integriert wurde, wird der Internetbrowser auf dem informationstechnologischen System der betroffenen Person automatisch durch die jeweilige YouTube-Komponente veranlasst, eine Darstellung der entsprechenden YouTube-Komponente von YouTube herunterzuladen. Weitere Informationen zu YouTube k\u00f6nnen unter <a href=\"https:\/\/www.youtube.com\/yt\/about\/de\/\">https:\/\/www.youtube.com\/yt\/about\/de\/<\/a> abgerufen werden. Im Rahmen dieses technischen Verfahrens erhalten YouTube und Google Kenntnis dar\u00fcber, welche konkrete Unterseite unserer Internetseite durch die betroffene Person besucht wird.<\/p>\n<!-- \/wp:paragraph -->\n\n<!-- wp:paragraph -->\n<p>Sofern die betroffene Person gleichzeitig bei YouTube eingeloggt ist, erkennt YouTube mit dem Aufruf einer Unterseite, die ein YouTube-Video enth\u00e4lt, welche konkrete Unterseite unserer Internetseite die betroffene Person besucht. Diese Informationen werden durch YouTube und Google gesammelt und dem jeweiligen YouTube-Account der betroffenen Person zugeordnet.<\/p>\n<!-- \/wp:paragraph -->\n\n<!-- wp:paragraph -->\n<p>YouTube und Google erhalten \u00fcber die YouTube-Komponente immer dann eine Information dar\u00fcber, dass die betroffene Person unsere Internetseite besucht hat, wenn die betroffene Person zum Zeitpunkt des Aufrufs unserer Internetseite gleichzeitig bei YouTube eingeloggt ist; dies findet unabh\u00e4ngig davon statt, ob die betroffene Person ein YouTube-Video anklickt oder nicht. Ist eine derartige \u00dcbermittlung dieser Informationen an YouTube und Google von der betroffenen Person nicht gewollt, kann diese die \u00dcbermittlung dadurch verhindern, dass sie sich vor einem Aufruf unserer Internetseite aus ihrem YouTube-Account ausloggt.<\/p>\n<!-- \/wp:paragraph -->\n\n<!-- wp:paragraph -->\n<p>Die von YouTube ver\u00f6ffentlichten Datenschutzbestimmungen, die unter <a href=\"https:\/\/www.google.de\/intl\/de\/policies\/privacy\/\">https:\/\/www.google.de\/intl\/de\/policies\/privacy\/<\/a> abrufbar sind, geben Aufschluss \u00fcber die Erhebung, Verarbeitung und Nutzung personenbezogener Daten durch YouTube und Google.<\/p>\n<!-- \/wp:paragraph -->\n\n<!-- wp:paragraph -->\n<p><strong>Weitere Informationen und Kontakte<\/strong><\/p>\n<!-- \/wp:paragraph -->\n\n<!-- wp:paragraph -->\n<p>Wenn Sie weitere Fragen zum Thema \u201cDatenschutz bei der verantwortlichen Stelle\u201d haben, wenden Sie sich an den Gesch\u00e4ftsf\u00fchrer unseres Unternehmens. Sie k\u00f6nnen erfragen, welche Ihrer Daten bei uns gespeichert sind. Dar\u00fcber hinaus k\u00f6nnen Sie Ausk\u00fcnfte, L\u00f6schungs- und Berichtigungsw\u00fcnsche zu Ihren Daten und gerne auch Anregungen jederzeit per Brief oder E-Mail an folgende Adresse senden:<\/p>\n<!-- \/wp:paragraph -->\n\n<!-- wp:paragraph -->\n<p>Karen Kleinst\u00fcck<br>Bautzner Stra\u00dfe 23\/25<br>01099 Dresden<br>Telefon: 0351\/8023946<\/p>\n<!-- \/wp:paragraph -->\n\n<!-- wp:paragraph -->\n<p>E-Mail: Reisecenter-Kaestnerpassage@t-online.de<\/p>\n<!-- \/wp:paragraph -->","_et_gb_content_width":"","footnotes":""},"class_list":["post-158","page","type-page","status-publish","has-post-thumbnail","hentry"],"_links":{"self":[{"href":"https:\/\/reisecenter-kaestnerpassage.de\/index.php?rest_route=\/wp\/v2\/pages\/158","targetHints":{"allow":["GET"]}}],"collection":[{"href":"https:\/\/reisecenter-kaestnerpassage.de\/index.php?rest_route=\/wp\/v2\/pages"}],"about":[{"href":"https:\/\/reisecenter-kaestnerpassage.de\/index.php?rest_route=\/wp\/v2\/types\/page"}],"author":[{"embeddable":true,"href":"https:\/\/reisecenter-kaestnerpassage.de\/index.php?rest_route=\/wp\/v2\/users\/1"}],"replies":[{"embeddable":true,"href":"https:\/\/reisecenter-kaestnerpassage.de\/index.php?rest_route=%2Fwp%2Fv2%2Fcomments&post=158"}],"version-history":[{"count":5,"href":"https:\/\/reisecenter-kaestnerpassage.de\/index.php?rest_route=\/wp\/v2\/pages\/158\/revisions"}],"predecessor-version":[{"id":1058,"href":"https:\/\/reisecenter-kaestnerpassage.de\/index.php?rest_route=\/wp\/v2\/pages\/158\/revisions\/1058"}],"wp:featuredmedia":[{"embeddable":true,"href":"https:\/\/reisecenter-kaestnerpassage.de\/index.php?rest_route=\/wp\/v2\/media\/151"}],"wp:attachment":[{"href":"https:\/\/reisecenter-kaestnerpassage.de\/index.php?rest_route=%2Fwp%2Fv2%2Fmedia&parent=158"}],"curies":[{"name":"wp","href":"https:\/\/api.w.org\/{rel}","templated":true}]}}